{"id":785,"date":"2026-03-06T14:28:30","date_gmt":"2026-03-06T13:28:30","guid":{"rendered":"http:\/\/s386468537.onlinehome.fr\/?page_id=785"},"modified":"2026-04-26T16:03:55","modified_gmt":"2026-04-26T14:03:55","slug":"prevenir-le-harcelement-au-travail","status":"publish","type":"page","link":"https:\/\/gps-site.fr\/index.php\/prevenir-le-harcelement-au-travail\/","title":{"rendered":"Pr\u00e9venir le harc\u00e8lement au travail"},"content":{"rendered":"\t\t<div data-elementor-type=\"wp-page\" data-elementor-id=\"785\" class=\"elementor elementor-785\">\n\t\t\t\t<div class=\"elementor-element elementor-element-68e073f e-flex e-con-boxed wpr-particle-no wpr-jarallax-no wpr-parallax-no wpr-sticky-section-no wpr-equal-height-no e-con e-parent\" data-id=\"68e073f\" data-element_type=\"container\" data-e-type=\"container\">\n\t\t\t\t\t<div class=\"e-con-inner\">\n\t\t<div class=\"elementor-element elementor-element-19c03d7 e-con-full e-flex wpr-particle-no wpr-jarallax-no wpr-parallax-no wpr-sticky-section-no wpr-equal-height-no e-con e-child\" data-id=\"19c03d7\" data-element_type=\"container\" data-e-type=\"container\" data-settings=\"{&quot;background_background&quot;:&quot;classic&quot;}\">\n\t\t<div class=\"elementor-element elementor-element-f515fc1 e-con-full e-flex wpr-particle-no wpr-jarallax-no wpr-parallax-no wpr-sticky-section-no wpr-equal-height-no e-con e-child\" data-id=\"f515fc1\" data-element_type=\"container\" data-e-type=\"container\">\n\t\t\t\t<div class=\"elementor-element elementor-element-7912c4b elementor-widget__width-inherit elementor-widget elementor-widget-text-editor\" data-id=\"7912c4b\" data-element_type=\"widget\" data-e-type=\"widget\" data-widget_type=\"text-editor.default\">\n\t\t\t\t\t\t\t\t\t<div style=\"height: 100px;\" aria-hidden=\"true\">\u00a0<span style=\"color: #1e293b; font-size: 1.875rem; font-style: inherit; font-weight: 600; background-color: transparent;\">Formation : Pr\u00e9venir le harc\u00e8lement au travail<\/span><br \/><em style=\"color: #334155; font-weight: inherit; background-color: transparent; font-size: 17.6px; text-align: start;\">Cette formation permet de comprendre le cadre l\u00e9gal du harc\u00e8lement moral et sexuel au travail et de mettre en place des actions concr\u00e8tes de pr\u00e9vention au sein de l&rsquo;entreprise.<\/em><\/div><p><!-- \/wp:heading --><\/p>\t\t\t\t\t\t\t\t<\/div>\n\t\t\t\t<\/div>\n\t\t\t\t<\/div>\n\t\t\t\t\t<\/div>\n\t\t\t\t<\/div>\n\t\t<div class=\"elementor-element elementor-element-98ce61d e-flex e-con-boxed wpr-particle-no wpr-jarallax-no wpr-parallax-no wpr-sticky-section-no wpr-equal-height-no e-con e-parent\" data-id=\"98ce61d\" data-element_type=\"container\" data-e-type=\"container\">\n\t\t\t\t\t<div class=\"e-con-inner\">\n\t\t<div class=\"elementor-element elementor-element-279f451 e-con-full e-flex wpr-particle-no wpr-jarallax-no wpr-parallax-no wpr-sticky-section-no wpr-equal-height-no e-con e-child\" data-id=\"279f451\" data-element_type=\"container\" data-e-type=\"container\">\n\t\t\t\t<div class=\"elementor-element elementor-element-07ad885 elementor-align-center elementor-widget elementor-widget-button\" data-id=\"07ad885\" data-element_type=\"widget\" data-e-type=\"widget\" data-widget_type=\"button.default\">\n\t\t\t\t\t\t\t\t\t\t<a class=\"elementor-button elementor-button-link elementor-size-sm\" href=\"http:\/\/s386468537.onlinehome.fr\/wp-content\/uploads\/2026\/04\/Prevenirleharcelementautravail.pdf\" target=\"_blank\">\n\t\t\t\t\t\t<span class=\"elementor-button-content-wrapper\">\n\t\t\t\t\t\t\t\t\t<span class=\"elementor-button-text\">T\u00e9l\u00e9charger le programme complet<\/span>\n\t\t\t\t\t<\/span>\n\t\t\t\t\t<\/a>\n\t\t\t\t\t\t\t\t<\/div>\n\t\t\t\t<\/div>\n\t\t<div class=\"elementor-element elementor-element-dc38de0 e-con-full e-flex wpr-particle-no wpr-jarallax-no wpr-parallax-no wpr-sticky-section-no wpr-equal-height-no e-con e-child\" data-id=\"dc38de0\" data-element_type=\"container\" data-e-type=\"container\">\n\t\t\t\t<div class=\"elementor-element elementor-element-51a202c elementor-align-center elementor-widget elementor-widget-button\" data-id=\"51a202c\" data-element_type=\"widget\" data-e-type=\"widget\" data-widget_type=\"button.default\">\n\t\t\t\t\t\t\t\t\t\t<a class=\"elementor-button elementor-button-link elementor-size-sm\" href=\"http:\/\/s386468537.onlinehome.fr\/index.php\/demander-un-devis\/\" target=\"_blank\">\n\t\t\t\t\t\t<span class=\"elementor-button-content-wrapper\">\n\t\t\t\t\t\t\t\t\t<span class=\"elementor-button-text\">Demander un devis<\/span>\n\t\t\t\t\t<\/span>\n\t\t\t\t\t<\/a>\n\t\t\t\t\t\t\t\t<\/div>\n\t\t\t\t<\/div>\n\t\t\t\t\t<\/div>\n\t\t\t\t<\/div>\n\t\t<div class=\"elementor-element elementor-element-fe5313d e-con-full e-flex wpr-particle-no wpr-jarallax-no wpr-parallax-no wpr-sticky-section-no wpr-equal-height-no e-con e-parent\" data-id=\"fe5313d\" data-element_type=\"container\" data-e-type=\"container\">\n\t\t<div class=\"elementor-element elementor-element-0e0324e e-con-full e-flex wpr-particle-no wpr-jarallax-no wpr-parallax-no wpr-sticky-section-no wpr-equal-height-no e-con e-child\" data-id=\"0e0324e\" data-element_type=\"container\" data-e-type=\"container\">\n\t\t\t\t<div class=\"elementor-element elementor-element-39bbed9 elementor-widget elementor-widget-heading\" data-id=\"39bbed9\" data-element_type=\"widget\" data-e-type=\"widget\" data-widget_type=\"heading.default\">\n\t\t\t\t\t<h3 class=\"elementor-heading-title elementor-size-default\">\u00c0 l\u2019issue de la formation, vous serez en capacit\u00e9 de :<\/h3>\t\t\t\t<\/div>\n\t\t\t\t<div class=\"elementor-element elementor-element-4828ec2 elementor-widget elementor-widget-text-editor\" data-id=\"4828ec2\" data-element_type=\"widget\" data-e-type=\"widget\" data-widget_type=\"text-editor.default\">\n\t\t\t\t\t\t\t\t\t<ul><li data-section-id=\"r9mia\" data-start=\"399\" data-end=\"476\">Identifier les situations de harc\u00e8lement et les signaux d\u2019alerte associ\u00e9s<\/li><li data-section-id=\"13z9smc\" data-start=\"477\" data-end=\"568\">Comprendre le cadre l\u00e9gal et les responsabilit\u00e9s de l\u2019employeur et des acteurs internes<\/li><li data-section-id=\"1sfm6ws\" data-start=\"569\" data-end=\"628\">R\u00e9agir de mani\u00e8re adapt\u00e9e face \u00e0 une alerte\u00a0<\/li><li data-section-id=\"d9j982\" data-start=\"629\" data-end=\"703\">Mettre en \u0153uvre une d\u00e9marche d\u2019analyse et de traitement des alertes<\/li><li data-section-id=\"kh6p32\" data-start=\"704\" data-end=\"812\">D\u00e9finir des actions de pr\u00e9vention pour \u00e9viter l\u2019apparition ou la r\u00e9p\u00e9tition de situations de harc\u00e8lement<\/li><\/ul>\t\t\t\t\t\t\t\t<\/div>\n\t\t\t\t<\/div>\n\t\t\t\t<\/div>\n\t\t<div class=\"elementor-element elementor-element-9ba4bb7 e-flex e-con-boxed wpr-particle-no wpr-jarallax-no wpr-parallax-no wpr-sticky-section-no wpr-equal-height-no e-con e-parent\" data-id=\"9ba4bb7\" data-element_type=\"container\" data-e-type=\"container\">\n\t\t\t\t\t<div class=\"e-con-inner\">\n\t\t<div class=\"elementor-element elementor-element-af7b69d e-con-full e-flex wpr-particle-no wpr-jarallax-no wpr-parallax-no wpr-sticky-section-no wpr-equal-height-no e-con e-child\" data-id=\"af7b69d\" data-element_type=\"container\" data-e-type=\"container\">\n\t\t<div class=\"elementor-element elementor-element-20f395d e-con-full e-flex wpr-particle-no wpr-jarallax-no wpr-parallax-no wpr-sticky-section-no wpr-equal-height-no e-con e-child\" data-id=\"20f395d\" data-element_type=\"container\" data-e-type=\"container\">\n\t\t\t\t<div class=\"elementor-element elementor-element-b016fc0 elementor-widget elementor-widget-heading\" data-id=\"b016fc0\" data-element_type=\"widget\" data-e-type=\"widget\" data-widget_type=\"heading.default\">\n\t\t\t\t\t<h3 class=\"elementor-heading-title elementor-size-default\">Pourquoi cette formation ?<\/h3>\t\t\t\t<\/div>\n\t\t\t\t<\/div>\n\t\t\t\t<div class=\"elementor-element elementor-element-ce5b467 elementor-widget__width-initial elementor-widget elementor-widget-text-editor\" data-id=\"ce5b467\" data-element_type=\"widget\" data-e-type=\"widget\" data-widget_type=\"text-editor.default\">\n\t\t\t\t\t\t\t\t\t<p data-start=\"857\" data-end=\"1001\">Les situations de harc\u00e8lement au travail constituent un enjeu majeur en mati\u00e8re de sant\u00e9, de s\u00e9curit\u00e9 et de responsabilit\u00e9 pour les entreprises.<\/p><p data-start=\"1003\" data-end=\"1191\">Au-del\u00e0 du cadre r\u00e9glementaire, ces situations sont souvent complexes \u00e0 appr\u00e9hender et \u00e0 traiter, notamment en raison de la diversit\u00e9 des situations, des perceptions et des enjeux humains.<\/p><p data-start=\"1193\" data-end=\"1368\">Les entreprises doivent \u00eatre en capacit\u00e9 d\u2019identifier les signaux faibles, de r\u00e9agir et de structurer une d\u00e9marche de pr\u00e9vention permettant d\u2019agir en amont.<\/p><p data-start=\"1370\" data-end=\"1527\">Cette formation permet de s\u00e9curiser les pratiques, de clarifier les r\u00f4les des acteurs.<\/p>\t\t\t\t\t\t\t\t<\/div>\n\t\t\t\t<\/div>\n\t\t<div class=\"elementor-element elementor-element-fa461a9 e-con-full e-flex wpr-particle-no wpr-jarallax-no wpr-parallax-no wpr-sticky-section-no wpr-equal-height-no e-con e-child\" data-id=\"fa461a9\" data-element_type=\"container\" data-e-type=\"container\">\n\t\t<div class=\"elementor-element elementor-element-764b759 e-con-full e-flex wpr-particle-no wpr-jarallax-no wpr-parallax-no wpr-sticky-section-no wpr-equal-height-no e-con e-child\" data-id=\"764b759\" data-element_type=\"container\" data-e-type=\"container\">\n\t\t\t\t<div class=\"elementor-element elementor-element-7e02cc0 elementor-widget elementor-widget-heading\" data-id=\"7e02cc0\" data-element_type=\"widget\" data-e-type=\"widget\" data-widget_type=\"heading.default\">\n\t\t\t\t\t<h3 class=\"elementor-heading-title elementor-size-default\">Une formation ancr\u00e9e dans votre r\u00e9alit\u00e9 :<\/h3>\t\t\t\t<\/div>\n\t\t\t\t<\/div>\n\t\t\t\t<div class=\"elementor-element elementor-element-a5050ac elementor-widget elementor-widget-text-editor\" data-id=\"a5050ac\" data-element_type=\"widget\" data-e-type=\"widget\" data-widget_type=\"text-editor.default\">\n\t\t\t\t\t\t\t\t\t<ul><li data-section-id=\"z0kn5g\" data-start=\"1587\" data-end=\"1648\">Analyse de situations concr\u00e8tes rencontr\u00e9es en entreprise<\/li><li data-section-id=\"165eycm\" data-start=\"1649\" data-end=\"1715\">Apports juridiques et m\u00e9thodologiques directement mobilisables<\/li><li data-section-id=\"1pah4lk\" data-start=\"1716\" data-end=\"1768\">\u00c9changes de pratiques et travail en sous-groupes<\/li><li data-section-id=\"n0g324\" data-start=\"1769\" data-end=\"1829\">Appropriation d\u2019une m\u00e9thode de traitement des situations<\/li><li data-section-id=\"xvobxi\" data-start=\"1830\" data-end=\"1898\">Identification d\u2019actions de pr\u00e9vention adapt\u00e9es \u00e0 votre contexte<\/li><\/ul>\t\t\t\t\t\t\t\t<\/div>\n\t\t\t\t<\/div>\n\t\t<div class=\"elementor-element elementor-element-c34dd8e e-con-full e-flex wpr-particle-no wpr-jarallax-no wpr-parallax-no wpr-sticky-section-no wpr-equal-height-no e-con e-child\" data-id=\"c34dd8e\" data-element_type=\"container\" data-e-type=\"container\">\n\t\t<div class=\"elementor-element elementor-element-47c9665 e-con-full e-flex wpr-particle-no wpr-jarallax-no wpr-parallax-no wpr-sticky-section-no wpr-equal-height-no e-con e-child\" data-id=\"47c9665\" data-element_type=\"container\" data-e-type=\"container\">\n\t\t\t\t<div class=\"elementor-element elementor-element-ccb6134 elementor-position-inline-start elementor-view-default elementor-mobile-position-block-start elementor-widget elementor-widget-icon-box\" data-id=\"ccb6134\" data-element_type=\"widget\" data-e-type=\"widget\" data-widget_type=\"icon-box.default\">\n\t\t\t\t\t\t\t<div class=\"elementor-icon-box-wrapper\">\n\n\t\t\t\t\t\t<div class=\"elementor-icon-box-icon\">\n\t\t\t\t<span  class=\"elementor-icon\">\n\t\t\t\t<svg aria-hidden=\"true\" class=\"e-font-icon-svg e-fas-info-circle\" viewBox=\"0 0 512 512\" xmlns=\"http:\/\/www.w3.org\/2000\/svg\"><path d=\"M256 8C119.043 8 8 119.083 8 256c0 136.997 111.043 248 248 248s248-111.003 248-248C504 119.083 392.957 8 256 8zm0 110c23.196 0 42 18.804 42 42s-18.804 42-42 42-42-18.804-42-42 18.804-42 42-42zm56 254c0 6.627-5.373 12-12 12h-88c-6.627 0-12-5.373-12-12v-24c0-6.627 5.373-12 12-12h12v-64h-12c-6.627 0-12-5.373-12-12v-24c0-6.627 5.373-12 12-12h64c6.627 0 12 5.373 12 12v100h12c6.627 0 12 5.373 12 12v24z\"><\/path><\/svg>\t\t\t\t<\/span>\n\t\t\t<\/div>\n\t\t\t\n\t\t\t\t\t\t<div class=\"elementor-icon-box-content\">\n\n\t\t\t\t\t\t\t\t\t<h3 class=\"elementor-icon-box-title\">\n\t\t\t\t\t\t<span  >\n\t\t\t\t\t\t\tModalit\u00e9s\t\t\t\t\t\t<\/span>\n\t\t\t\t\t<\/h3>\n\t\t\t\t\n\t\t\t\t\n\t\t\t<\/div>\n\t\t\t\n\t\t<\/div>\n\t\t\t\t\t\t<\/div>\n\t\t\t\t<\/div>\n\t\t\t\t<div class=\"elementor-element elementor-element-59a6463 elementor-widget elementor-widget-text-editor\" data-id=\"59a6463\" data-element_type=\"widget\" data-e-type=\"widget\" data-widget_type=\"text-editor.default\">\n\t\t\t\t\t\t\t\t\t<p data-start=\"1926\" data-end=\"2022\"><strong data-start=\"1926\" data-end=\"1938\">Public :<\/strong> Direction, RH, CSE, r\u00e9f\u00e9rent harc\u00e8lement, toute personne d\u00e9sign\u00e9e par l\u2019employeur<\/p><p data-start=\"1926\" data-end=\"2022\">\u00a0<\/p><p data-start=\"2024\" data-end=\"2090\"><strong data-start=\"2024\" data-end=\"2035\">Dur\u00e9e :<\/strong> 1 jour (+ possibilit\u00e9 d\u2019adaptation selon vos enjeux)<\/p><p data-start=\"2092\" data-end=\"2136\"><strong data-start=\"2092\" data-end=\"2104\">Format :<\/strong> formation en intra-entreprise<\/p><p data-start=\"2092\" data-end=\"2136\">\u00a0<\/p><p data-start=\"2138\" data-end=\"2181\"><strong data-start=\"2138\" data-end=\"2154\">\u00c9valuation :<\/strong>\u00a0Mise en situation et quiz en fin de formation<\/p>\t\t\t\t\t\t\t\t<\/div>\n\t\t\t\t<\/div>\n\t\t\t\t\t<\/div>\n\t\t\t\t<\/div>\n\t\t\t\t<\/div>\n\t\t","protected":false},"excerpt":{"rendered":"<p>\u00a0Formation : Pr\u00e9venir le harc\u00e8lement au travailCette formation permet de comprendre le cadre l\u00e9gal du harc\u00e8lement moral et sexuel au travail et de mettre en place des actions concr\u00e8tes de pr\u00e9vention au sein de l&rsquo;entreprise. T\u00e9l\u00e9charger le programme complet Demander un devis \u00c0 l\u2019issue de la formation, vous serez en capacit\u00e9 de : Identifier les situations de harc\u00e8lement et les signaux d\u2019alerte associ\u00e9s Comprendre le cadre l\u00e9gal et les responsabilit\u00e9s de l\u2019employeur et des acteurs internes R\u00e9agir de mani\u00e8re adapt\u00e9e face \u00e0 une alerte\u00a0 Mettre en \u0153uvre une d\u00e9marche d\u2019analyse et de traitement des alertes D\u00e9finir des actions de pr\u00e9vention pour \u00e9viter l\u2019apparition ou la r\u00e9p\u00e9tition de situations de harc\u00e8lement Pourquoi cette formation ? Les situations de harc\u00e8lement au travail constituent un enjeu majeur en mati\u00e8re de sant\u00e9, de s\u00e9curit\u00e9 et de responsabilit\u00e9 pour les entreprises. Au-del\u00e0 du cadre r\u00e9glementaire, ces situations sont souvent complexes \u00e0 appr\u00e9hender et \u00e0 traiter, notamment en raison de la diversit\u00e9 des situations, des perceptions et des enjeux humains. Les entreprises doivent \u00eatre en capacit\u00e9 d\u2019identifier les signaux faibles, de r\u00e9agir et de structurer une d\u00e9marche de pr\u00e9vention permettant d\u2019agir en amont. Cette formation permet de s\u00e9curiser les pratiques, de clarifier les r\u00f4les des acteurs. Une formation ancr\u00e9e dans votre r\u00e9alit\u00e9 : Analyse de situations concr\u00e8tes rencontr\u00e9es en entreprise Apports juridiques et m\u00e9thodologiques directement mobilisables \u00c9changes de pratiques et travail en sous-groupes Appropriation d\u2019une m\u00e9thode de traitement des situations Identification d\u2019actions de pr\u00e9vention adapt\u00e9es \u00e0 votre contexte Modalit\u00e9s Public : Direction, RH, CSE, r\u00e9f\u00e9rent harc\u00e8lement, toute personne d\u00e9sign\u00e9e par l\u2019employeur \u00a0 Dur\u00e9e : 1 jour (+ possibilit\u00e9 d\u2019adaptation selon vos enjeux) Format : formation en intra-entreprise \u00a0 \u00c9valuation :\u00a0Mise en situation et quiz en fin de formation<\/p>\n","protected":false},"author":1,"featured_media":0,"parent":0,"menu_order":0,"comment_status":"closed","ping_status":"closed","template":"","meta":{"site-sidebar-layout":"no-sidebar","site-content-layout":"","ast-site-content-layout":"full-width-container","site-content-style":"default","site-sidebar-style":"default","ast-global-header-display":"","ast-banner-title-visibility":"","ast-main-header-display":"","ast-hfb-above-header-display":"","ast-hfb-below-header-display":"","ast-hfb-mobile-header-display":"","site-post-title":"disabled","ast-breadcrumbs-content":"","ast-featured-img":"disabled","footer-sml-layout":"","ast-disable-related-posts":"","theme-transparent-header-meta":"","adv-header-id-meta":"","stick-header-meta":"","header-above-stick-meta":"","header-main-stick-meta":"","header-below-stick-meta":"","astra-migrate-meta-layouts":"default","ast-page-background-enabled":"default","ast-page-background-meta":{"desktop":{"background-color":"var(--ast-global-color-5)","background-image":"","background-repeat":"repeat","background-position":"center center","background-size":"auto","background-attachment":"scroll","background-type":"","background-media":"","overlay-type":"","overlay-color":"","overlay-opacity":"","overlay-gradient":""},"tablet":{"background-color":"","background-image":"","background-repeat":"repeat","background-position":"center center","background-size":"auto","background-attachment":"scroll","background-type":"","background-media":"","overlay-type":"","overlay-color":"","overlay-opacity":"","overlay-gradient":""},"mobile":{"background-color":"","background-image":"","background-repeat":"repeat","background-position":"center center","background-size":"auto","background-attachment":"scroll","background-type":"","background-media":"","overlay-type":"","overlay-color":"","overlay-opacity":"","overlay-gradient":""}},"ast-content-background-meta":{"desktop":{"background-color":"var(--ast-global-color-4)","background-image":"","background-repeat":"repeat","background-position":"center center","background-size":"auto","background-attachment":"scroll","background-type":"","background-media":"","overlay-type":"","overlay-color":"","overlay-opacity":"","overlay-gradient":""},"tablet":{"background-color":"var(--ast-global-color-4)","background-image":"","background-repeat":"repeat","background-position":"center center","background-size":"auto","background-attachment":"scroll","background-type":"","background-media":"","overlay-type":"","overlay-color":"","overlay-opacity":"","overlay-gradient":""},"mobile":{"background-color":"var(--ast-global-color-4)","background-image":"","background-repeat":"repeat","background-position":"center center","background-size":"auto","background-attachment":"scroll","background-type":"","background-media":"","overlay-type":"","overlay-color":"","overlay-opacity":"","overlay-gradient":""}},"footnotes":""},"class_list":["post-785","page","type-page","status-publish","hentry"],"_links":{"self":[{"href":"https:\/\/gps-site.fr\/index.php\/wp-json\/wp\/v2\/pages\/785","targetHints":{"allow":["GET"]}}],"collection":[{"href":"https:\/\/gps-site.fr\/index.php\/wp-json\/wp\/v2\/pages"}],"about":[{"href":"https:\/\/gps-site.fr\/index.php\/wp-json\/wp\/v2\/types\/page"}],"author":[{"embeddable":true,"href":"https:\/\/gps-site.fr\/index.php\/wp-json\/wp\/v2\/users\/1"}],"replies":[{"embeddable":true,"href":"https:\/\/gps-site.fr\/index.php\/wp-json\/wp\/v2\/comments?post=785"}],"version-history":[{"count":72,"href":"https:\/\/gps-site.fr\/index.php\/wp-json\/wp\/v2\/pages\/785\/revisions"}],"predecessor-version":[{"id":3011,"href":"https:\/\/gps-site.fr\/index.php\/wp-json\/wp\/v2\/pages\/785\/revisions\/3011"}],"wp:attachment":[{"href":"https:\/\/gps-site.fr\/index.php\/wp-json\/wp\/v2\/media?parent=785"}],"curies":[{"name":"wp","href":"https:\/\/api.w.org\/{rel}","templated":true}]}}