{"id":57,"date":"2025-12-04T14:43:24","date_gmt":"2025-12-04T13:43:24","guid":{"rendered":"http:\/\/s386468537.onlinehome.fr\/?page_id=57"},"modified":"2026-04-27T16:38:20","modified_gmt":"2026-04-27T14:38:20","slug":"prevention-des-risques-psychosociaux-rps","status":"publish","type":"page","link":"https:\/\/gps-site.fr\/index.php\/prevention-des-risques-psychosociaux-rps\/","title":{"rendered":"Pr\u00e9vention des Risques Psychosociaux (RPS)"},"content":{"rendered":"\t\t<div data-elementor-type=\"wp-page\" data-elementor-id=\"57\" class=\"elementor elementor-57\">\n\t\t\t\t<div class=\"elementor-element elementor-element-caeea37 e-flex e-con-boxed wpr-particle-no wpr-jarallax-no wpr-parallax-no wpr-sticky-section-no wpr-equal-height-no e-con e-parent\" data-id=\"caeea37\" data-element_type=\"container\" data-e-type=\"container\">\n\t\t\t\t\t<div class=\"e-con-inner\">\n\t\t\t\t<div class=\"elementor-element elementor-element-be8f6fe elementor-widget__width-inherit elementor-widget elementor-widget-text-editor\" data-id=\"be8f6fe\" data-element_type=\"widget\" data-e-type=\"widget\" data-widget_type=\"text-editor.default\">\n\t\t\t\t\t\t\t\t\t<div style=\"height: 100px;\" aria-hidden=\"true\">\u00a0<span style=\"color: #1e293b; font-size: 1.875rem; font-style: inherit; font-weight: 600; background-color: transparent;\">Formation : Personne Ressource RPS<\/span><br \/><span style=\"color: #334155; font-size: 1.1em; font-style: italic; font-weight: inherit; background-color: transparent;\">\u00a0<\/span><em style=\"color: #334155; font-weight: inherit; background-color: transparent; font-size: 17.6px; text-align: start;\"><em>Garantir la r\u00e9ussite de la d\u00e9marche RPS (que le diagnostic soit r\u00e9alis\u00e9 en interne ou avec un appui externe).<\/em><\/em><\/div><p><!-- \/wp:heading --><\/p>\t\t\t\t\t\t\t\t<\/div>\n\t\t\t\t\t<\/div>\n\t\t\t\t<\/div>\n\t\t<div class=\"elementor-element elementor-element-b0d72ba e-flex e-con-boxed wpr-particle-no wpr-jarallax-no wpr-parallax-no wpr-sticky-section-no wpr-equal-height-no e-con e-parent\" data-id=\"b0d72ba\" data-element_type=\"container\" data-e-type=\"container\">\n\t\t\t\t\t<div class=\"e-con-inner\">\n\t\t<div class=\"elementor-element elementor-element-1adc954 e-con-full e-flex wpr-particle-no wpr-jarallax-no wpr-parallax-no wpr-sticky-section-no wpr-equal-height-no e-con e-child\" data-id=\"1adc954\" data-element_type=\"container\" data-e-type=\"container\">\n\t\t\t\t<div class=\"elementor-element elementor-element-1a2f8e2 elementor-align-center elementor-widget elementor-widget-button\" data-id=\"1a2f8e2\" data-element_type=\"widget\" data-e-type=\"widget\" data-widget_type=\"button.default\">\n\t\t\t\t\t\t\t\t\t\t<a class=\"elementor-button elementor-button-link elementor-size-sm\" href=\"http:\/\/s386468537.onlinehome.fr\/wp-content\/uploads\/2026\/04\/V5_Programme_Personne-ressource-RPS-2026-site.pdf\" target=\"_blank\">\n\t\t\t\t\t\t<span class=\"elementor-button-content-wrapper\">\n\t\t\t\t\t\t\t\t\t<span class=\"elementor-button-text\">T\u00e9l\u00e9charger le programme complet<\/span>\n\t\t\t\t\t<\/span>\n\t\t\t\t\t<\/a>\n\t\t\t\t\t\t\t\t<\/div>\n\t\t\t\t<\/div>\n\t\t<div class=\"elementor-element elementor-element-a4a1b44 e-con-full e-flex wpr-particle-no wpr-jarallax-no wpr-parallax-no wpr-sticky-section-no wpr-equal-height-no e-con e-child\" data-id=\"a4a1b44\" data-element_type=\"container\" data-e-type=\"container\">\n\t\t\t\t<div class=\"elementor-element elementor-element-168a72e elementor-align-center elementor-widget elementor-widget-button\" data-id=\"168a72e\" data-element_type=\"widget\" data-e-type=\"widget\" data-widget_type=\"button.default\">\n\t\t\t\t\t\t\t\t\t\t<a class=\"elementor-button elementor-button-link elementor-size-sm\" href=\"http:\/\/s386468537.onlinehome.fr\/index.php\/demander-un-devis\/\" target=\"_blank\">\n\t\t\t\t\t\t<span class=\"elementor-button-content-wrapper\">\n\t\t\t\t\t\t\t\t\t<span class=\"elementor-button-text\">Demander un devis<\/span>\n\t\t\t\t\t<\/span>\n\t\t\t\t\t<\/a>\n\t\t\t\t\t\t\t\t<\/div>\n\t\t\t\t<\/div>\n\t\t\t\t\t<\/div>\n\t\t\t\t<\/div>\n\t\t<div class=\"elementor-element elementor-element-7ff95c1 e-con-full e-flex wpr-particle-no wpr-jarallax-no wpr-parallax-no wpr-sticky-section-no wpr-equal-height-no e-con e-parent\" data-id=\"7ff95c1\" data-element_type=\"container\" data-e-type=\"container\">\n\t\t<div class=\"elementor-element elementor-element-6ff42cb e-con-full e-flex wpr-particle-no wpr-jarallax-no wpr-parallax-no wpr-sticky-section-no wpr-equal-height-no e-con e-child\" data-id=\"6ff42cb\" data-element_type=\"container\" data-e-type=\"container\">\n\t\t\t\t<div class=\"elementor-element elementor-element-99f33ab elementor-widget elementor-widget-heading\" data-id=\"99f33ab\" data-element_type=\"widget\" data-e-type=\"widget\" data-widget_type=\"heading.default\">\n\t\t\t\t\t<h3 class=\"elementor-heading-title elementor-size-default\">\u00c0 l\u2019issue de la formation, vous serez en capacit\u00e9 de :<\/h3>\t\t\t\t<\/div>\n\t\t\t\t<div class=\"elementor-element elementor-element-fa405a5 elementor-widget elementor-widget-text-editor\" data-id=\"fa405a5\" data-element_type=\"widget\" data-e-type=\"widget\" data-widget_type=\"text-editor.default\">\n\t\t\t\t\t\t\t\t\t<ul><li>Structurer une d\u00e9marche de pr\u00e9vention des RPS adapt\u00e9e \u00e0 votre organisation<\/li><li>R\u00e9aliser un diagnostic \u00e0 partir de la r\u00e9alit\u00e9 du travail<\/li><li>Identifier les facteurs de risques et les leviers d\u2019action<\/li><li>Construire, piloter et suivre un plan d\u2019actions op\u00e9rationnel<\/li><li>Mobiliser les acteurs internes et favoriser la coop\u00e9ration<\/li><\/ul>\t\t\t\t\t\t\t\t<\/div>\n\t\t\t\t<\/div>\n\t\t\t\t<\/div>\n\t\t<div class=\"elementor-element elementor-element-ca30d7c e-flex e-con-boxed wpr-particle-no wpr-jarallax-no wpr-parallax-no wpr-sticky-section-no wpr-equal-height-no e-con e-parent\" data-id=\"ca30d7c\" data-element_type=\"container\" data-e-type=\"container\">\n\t\t\t\t\t<div class=\"e-con-inner\">\n\t\t<div class=\"elementor-element elementor-element-ffb68e0 e-con-full e-flex wpr-particle-no wpr-jarallax-no wpr-parallax-no wpr-sticky-section-no wpr-equal-height-no e-con e-child\" data-id=\"ffb68e0\" data-element_type=\"container\" data-e-type=\"container\">\n\t\t\t\t<div class=\"elementor-element elementor-element-332d2da elementor-widget elementor-widget-heading\" data-id=\"332d2da\" data-element_type=\"widget\" data-e-type=\"widget\" data-widget_type=\"heading.default\">\n\t\t\t\t\t<h3 class=\"elementor-heading-title elementor-size-default\">Pourquoi cette formation ?<\/h3>\t\t\t\t<\/div>\n\t\t\t\t<div class=\"elementor-element elementor-element-5a88fc8 elementor-widget elementor-widget-text-editor\" data-id=\"5a88fc8\" data-element_type=\"widget\" data-e-type=\"widget\" data-widget_type=\"text-editor.default\">\n\t\t\t\t\t\t\t\t\t<p>Les situations de tensions, de surcharge ou de d\u00e9sorganisation sont souvent difficiles \u00e0 analyser et \u00e0 traiter sans m\u00e9thode.<br \/>Les entreprises ont besoin de structurer leur d\u00e9marche pour passer d\u2019une gestion r\u00e9active \u00e0 une pr\u00e9vention durable des risques psychosociaux.<\/p><p>Cette formation permet de construire une d\u00e9marche RPS ancr\u00e9e dans le travail r\u00e9el, en lien avec les enjeux de l\u2019entreprise et les acteurs internes.<\/p><p>Elle constitue \u00e9galement un levier cl\u00e9 pour s\u00e9curiser la r\u00e9ussite de la d\u00e9marche dans la dur\u00e9e, que le diagnostic soit r\u00e9alis\u00e9 en interne ou avec un appui externe.<\/p>\t\t\t\t\t\t\t\t<\/div>\n\t\t\t\t<\/div>\n\t\t<div class=\"elementor-element elementor-element-392061e e-con-full e-flex wpr-particle-no wpr-jarallax-no wpr-parallax-no wpr-sticky-section-no wpr-equal-height-no e-con e-child\" data-id=\"392061e\" data-element_type=\"container\" data-e-type=\"container\">\n\t\t\t\t<div class=\"elementor-element elementor-element-05fec07 elementor-widget elementor-widget-heading\" data-id=\"05fec07\" data-element_type=\"widget\" data-e-type=\"widget\" data-widget_type=\"heading.default\">\n\t\t\t\t\t<h3 class=\"elementor-heading-title elementor-size-default\">Une formation ancr\u00e9e dans votre r\u00e9alit\u00e9 :<\/h3>\t\t\t\t<\/div>\n\t\t\t\t<div class=\"elementor-element elementor-element-84c4cbd elementor-widget elementor-widget-text-editor\" data-id=\"84c4cbd\" data-element_type=\"widget\" data-e-type=\"widget\" data-widget_type=\"text-editor.default\">\n\t\t\t\t\t\t\t\t\t<ul><li>Travail sur vos situations concr\u00e8tes<\/li><li>Alternance d\u2019apports m\u00e9thodologiques et de mises en pratique<\/li><li>Accompagnement intersessions pour avancer sur votre d\u00e9marche<\/li><li>Production d\u2019outils directement utilisables dans votre entreprise<\/li><\/ul>\t\t\t\t\t\t\t\t<\/div>\n\t\t\t\t<\/div>\n\t\t<div class=\"elementor-element elementor-element-8e646f6 e-con-full e-flex wpr-particle-no wpr-jarallax-no wpr-parallax-no wpr-sticky-section-no wpr-equal-height-no e-con e-child\" data-id=\"8e646f6\" data-element_type=\"container\" data-e-type=\"container\">\n\t\t\t\t<div class=\"elementor-element elementor-element-70db2c6 elementor-position-inline-start elementor-view-default elementor-mobile-position-block-start elementor-widget elementor-widget-icon-box\" data-id=\"70db2c6\" data-element_type=\"widget\" data-e-type=\"widget\" data-widget_type=\"icon-box.default\">\n\t\t\t\t\t\t\t<div class=\"elementor-icon-box-wrapper\">\n\n\t\t\t\t\t\t<div class=\"elementor-icon-box-icon\">\n\t\t\t\t<span  class=\"elementor-icon\">\n\t\t\t\t<svg aria-hidden=\"true\" class=\"e-font-icon-svg e-fas-info-circle\" viewBox=\"0 0 512 512\" xmlns=\"http:\/\/www.w3.org\/2000\/svg\"><path d=\"M256 8C119.043 8 8 119.083 8 256c0 136.997 111.043 248 248 248s248-111.003 248-248C504 119.083 392.957 8 256 8zm0 110c23.196 0 42 18.804 42 42s-18.804 42-42 42-42-18.804-42-42 18.804-42 42-42zm56 254c0 6.627-5.373 12-12 12h-88c-6.627 0-12-5.373-12-12v-24c0-6.627 5.373-12 12-12h12v-64h-12c-6.627 0-12-5.373-12-12v-24c0-6.627 5.373-12 12-12h64c6.627 0 12 5.373 12 12v100h12c6.627 0 12 5.373 12 12v24z\"><\/path><\/svg>\t\t\t\t<\/span>\n\t\t\t<\/div>\n\t\t\t\n\t\t\t\t\t\t<div class=\"elementor-icon-box-content\">\n\n\t\t\t\t\t\t\t\t\t<h3 class=\"elementor-icon-box-title\">\n\t\t\t\t\t\t<span  >\n\t\t\t\t\t\t\tModalit\u00e9s\t\t\t\t\t\t<\/span>\n\t\t\t\t\t<\/h3>\n\t\t\t\t\n\t\t\t\t\n\t\t\t<\/div>\n\t\t\t\n\t\t<\/div>\n\t\t\t\t\t\t<\/div>\n\t\t\t\t<div class=\"elementor-element elementor-element-cb85fe5 elementor-widget elementor-widget-text-editor\" data-id=\"cb85fe5\" data-element_type=\"widget\" data-e-type=\"widget\" data-widget_type=\"text-editor.default\">\n\t\t\t\t\t\t\t\t\t<p><strong>Public<\/strong> : RH, QSE, encadrement, repr\u00e9sentants du personnel, acteurs de la pr\u00e9vention<\/p><p><br><strong>Dur\u00e9e<\/strong> : 5,5 jours (4,5 jours en collectif + 1 jour d\u2019accompagnement intersession)<\/p><p><br><strong>Format<\/strong> : formation-action en inter ou intra-entreprise<\/p>\t\t\t\t\t\t\t\t<\/div>\n\t\t\t\t<\/div>\n\t\t\t\t\t<\/div>\n\t\t\t\t<\/div>\n\t\t\t\t<\/div>\n\t\t","protected":false},"excerpt":{"rendered":"<p>\u00a0Formation : Personne Ressource RPS\u00a0Garantir la r\u00e9ussite de la d\u00e9marche RPS (que le diagnostic soit r\u00e9alis\u00e9 en interne ou avec un appui externe). T\u00e9l\u00e9charger le programme complet Demander un devis \u00c0 l\u2019issue de la formation, vous serez en capacit\u00e9 de : Structurer une d\u00e9marche de pr\u00e9vention des RPS adapt\u00e9e \u00e0 votre organisation R\u00e9aliser un diagnostic \u00e0 partir de la r\u00e9alit\u00e9 du travail Identifier les facteurs de risques et les leviers d\u2019action Construire, piloter et suivre un plan d\u2019actions op\u00e9rationnel Mobiliser les acteurs internes et favoriser la coop\u00e9ration Pourquoi cette formation ? Les situations de tensions, de surcharge ou de d\u00e9sorganisation sont souvent difficiles \u00e0 analyser et \u00e0 traiter sans m\u00e9thode.Les entreprises ont besoin de structurer leur d\u00e9marche pour passer d\u2019une gestion r\u00e9active \u00e0 une pr\u00e9vention durable des risques psychosociaux. Cette formation permet de construire une d\u00e9marche RPS ancr\u00e9e dans le travail r\u00e9el, en lien avec les enjeux de l\u2019entreprise et les acteurs internes. Elle constitue \u00e9galement un levier cl\u00e9 pour s\u00e9curiser la r\u00e9ussite de la d\u00e9marche dans la dur\u00e9e, que le diagnostic soit r\u00e9alis\u00e9 en interne ou avec un appui externe. Une formation ancr\u00e9e dans votre r\u00e9alit\u00e9 : Travail sur vos situations concr\u00e8tes Alternance d\u2019apports m\u00e9thodologiques et de mises en pratique Accompagnement intersessions pour avancer sur votre d\u00e9marche Production d\u2019outils directement utilisables dans votre entreprise Modalit\u00e9s Public : RH, QSE, encadrement, repr\u00e9sentants du personnel, acteurs de la pr\u00e9vention Dur\u00e9e : 5,5 jours (4,5 jours en collectif + 1 jour d\u2019accompagnement intersession) Format : formation-action en inter ou intra-entreprise<\/p>\n","protected":false},"author":1,"featured_media":0,"parent":0,"menu_order":0,"comment_status":"closed","ping_status":"closed","template":"","meta":{"site-sidebar-layout":"default","site-content-layout":"","ast-site-content-layout":"default","site-content-style":"default","site-sidebar-style":"default","ast-global-header-display":"","ast-banner-title-visibility":"","ast-main-header-display":"","ast-hfb-above-header-display":"","ast-hfb-below-header-display":"","ast-hfb-mobile-header-display":"","site-post-title":"disabled","ast-breadcrumbs-content":"","ast-featured-img":"","footer-sml-layout":"","ast-disable-related-posts":"","theme-transparent-header-meta":"","adv-header-id-meta":"","stick-header-meta":"","header-above-stick-meta":"","header-main-stick-meta":"","header-below-stick-meta":"","astra-migrate-meta-layouts":"default","ast-page-background-enabled":"default","ast-page-background-meta":{"desktop":{"background-color":"var(--ast-global-color-5)","background-image":"","background-repeat":"repeat","background-position":"center center","background-size":"auto","background-attachment":"scroll","background-type":"","background-media":"","overlay-type":"","overlay-color":"","overlay-opacity":"","overlay-gradient":""},"tablet":{"background-color":"","background-image":"","background-repeat":"repeat","background-position":"center center","background-size":"auto","background-attachment":"scroll","background-type":"","background-media":"","overlay-type":"","overlay-color":"","overlay-opacity":"","overlay-gradient":""},"mobile":{"background-color":"","background-image":"","background-repeat":"repeat","background-position":"center center","background-size":"auto","background-attachment":"scroll","background-type":"","background-media":"","overlay-type":"","overlay-color":"","overlay-opacity":"","overlay-gradient":""}},"ast-content-background-meta":{"desktop":{"background-color":"var(--ast-global-color-4)","background-image":"","background-repeat":"repeat","background-position":"center center","background-size":"auto","background-attachment":"scroll","background-type":"","background-media":"","overlay-type":"","overlay-color":"","overlay-opacity":"","overlay-gradient":""},"tablet":{"background-color":"var(--ast-global-color-4)","background-image":"","background-repeat":"repeat","background-position":"center center","background-size":"auto","background-attachment":"scroll","background-type":"","background-media":"","overlay-type":"","overlay-color":"","overlay-opacity":"","overlay-gradient":""},"mobile":{"background-color":"var(--ast-global-color-4)","background-image":"","background-repeat":"repeat","background-position":"center center","background-size":"auto","background-attachment":"scroll","background-type":"","background-media":"","overlay-type":"","overlay-color":"","overlay-opacity":"","overlay-gradient":""}},"footnotes":""},"class_list":["post-57","page","type-page","status-publish","hentry"],"_links":{"self":[{"href":"https:\/\/gps-site.fr\/index.php\/wp-json\/wp\/v2\/pages\/57","targetHints":{"allow":["GET"]}}],"collection":[{"href":"https:\/\/gps-site.fr\/index.php\/wp-json\/wp\/v2\/pages"}],"about":[{"href":"https:\/\/gps-site.fr\/index.php\/wp-json\/wp\/v2\/types\/page"}],"author":[{"embeddable":true,"href":"https:\/\/gps-site.fr\/index.php\/wp-json\/wp\/v2\/users\/1"}],"replies":[{"embeddable":true,"href":"https:\/\/gps-site.fr\/index.php\/wp-json\/wp\/v2\/comments?post=57"}],"version-history":[{"count":223,"href":"https:\/\/gps-site.fr\/index.php\/wp-json\/wp\/v2\/pages\/57\/revisions"}],"predecessor-version":[{"id":3065,"href":"https:\/\/gps-site.fr\/index.php\/wp-json\/wp\/v2\/pages\/57\/revisions\/3065"}],"wp:attachment":[{"href":"https:\/\/gps-site.fr\/index.php\/wp-json\/wp\/v2\/media?parent=57"}],"curies":[{"name":"wp","href":"https:\/\/api.w.org\/{rel}","templated":true}]}}