{"id":199,"date":"2025-12-10T13:30:46","date_gmt":"2025-12-10T12:30:46","guid":{"rendered":"http:\/\/s386468537.onlinehome.fr\/?page_id=199"},"modified":"2026-04-26T16:04:28","modified_gmt":"2026-04-26T14:04:28","slug":"conduire-une-demarche-de-prevention-des-risques-prp","status":"publish","type":"page","link":"https:\/\/gps-site.fr\/index.php\/conduire-une-demarche-de-prevention-des-risques-prp\/","title":{"rendered":"Conduire une d\u00e9marche de pr\u00e9vention des risques (PRP)"},"content":{"rendered":"\t\t<div data-elementor-type=\"wp-page\" data-elementor-id=\"199\" class=\"elementor elementor-199\">\n\t\t\t\t<div class=\"elementor-element elementor-element-8f934db e-flex e-con-boxed wpr-particle-no wpr-jarallax-no wpr-parallax-no wpr-sticky-section-no wpr-equal-height-no e-con e-parent\" data-id=\"8f934db\" data-element_type=\"container\" data-e-type=\"container\">\n\t\t\t\t\t<div class=\"e-con-inner\">\n\t\t<div class=\"elementor-element elementor-element-04756da e-con-full e-flex wpr-particle-no wpr-jarallax-no wpr-parallax-no wpr-sticky-section-no wpr-equal-height-no e-con e-child\" data-id=\"04756da\" data-element_type=\"container\" data-e-type=\"container\">\n\t\t\t\t<div class=\"elementor-element elementor-element-278e648 elementor-widget__width-inherit elementor-widget elementor-widget-text-editor\" data-id=\"278e648\" data-element_type=\"widget\" data-e-type=\"widget\" data-widget_type=\"text-editor.default\">\n\t\t\t\t\t\t\t\t\t<div style=\"height: 100px;\" aria-hidden=\"true\">&nbsp;<span style=\"color: #1e293b; font-size: 1.875rem; font-style: inherit; font-weight: 600; background-color: transparent;\">Formation &#8211; Conduire une d\u00e9marche de pr\u00e9vention des risques professionnels<\/span><br><span style=\"color: #334155; font-size: 1.1em; font-style: italic; font-weight: inherit; background-color: transparent;\">&nbsp;<\/span><em style=\"color: #334155; font-weight: inherit; background-color: transparent; font-size: 17.6px; text-align: start;\">Accompagner la mise en \u0153uvre concr\u00e8te d&rsquo;une d\u00e9marche de pr\u00e9vention des risques professionnels au sein de l&rsquo;entreprise.<\/em><\/div>\n<p><!-- \/wp:heading --><\/p>\t\t\t\t\t\t\t\t<\/div>\n\t\t\t\t<\/div>\n\t\t\t\t\t<\/div>\n\t\t\t\t<\/div>\n\t\t<div class=\"elementor-element elementor-element-4694b7a e-flex e-con-boxed wpr-particle-no wpr-jarallax-no wpr-parallax-no wpr-sticky-section-no wpr-equal-height-no e-con e-parent\" data-id=\"4694b7a\" data-element_type=\"container\" data-e-type=\"container\">\n\t\t\t\t\t<div class=\"e-con-inner\">\n\t\t<div class=\"elementor-element elementor-element-5ce29e6 e-con-full e-flex wpr-particle-no wpr-jarallax-no wpr-parallax-no wpr-sticky-section-no wpr-equal-height-no e-con e-child\" data-id=\"5ce29e6\" data-element_type=\"container\" data-e-type=\"container\">\n\t\t\t\t<div class=\"elementor-element elementor-element-19d4b1d elementor-align-center elementor-widget elementor-widget-button\" data-id=\"19d4b1d\" data-element_type=\"widget\" data-e-type=\"widget\" data-widget_type=\"button.default\">\n\t\t\t\t\t\t\t\t\t\t<a class=\"elementor-button elementor-button-link elementor-size-sm\" href=\"http:\/\/s386468537.onlinehome.fr\/wp-content\/uploads\/2026\/04\/Programme-PRP-2026.pdf\" target=\"_blank\">\n\t\t\t\t\t\t<span class=\"elementor-button-content-wrapper\">\n\t\t\t\t\t\t\t\t\t<span class=\"elementor-button-text\">T\u00e9l\u00e9charger le programme complet<\/span>\n\t\t\t\t\t<\/span>\n\t\t\t\t\t<\/a>\n\t\t\t\t\t\t\t\t<\/div>\n\t\t\t\t<\/div>\n\t\t<div class=\"elementor-element elementor-element-5b6271d e-con-full e-flex wpr-particle-no wpr-jarallax-no wpr-parallax-no wpr-sticky-section-no wpr-equal-height-no e-con e-child\" data-id=\"5b6271d\" data-element_type=\"container\" data-e-type=\"container\">\n\t\t\t\t<div class=\"elementor-element elementor-element-9a99eb1 elementor-align-center elementor-widget elementor-widget-button\" data-id=\"9a99eb1\" data-element_type=\"widget\" data-e-type=\"widget\" data-widget_type=\"button.default\">\n\t\t\t\t\t\t\t\t\t\t<a class=\"elementor-button elementor-button-link elementor-size-sm\" href=\"http:\/\/s386468537.onlinehome.fr\/index.php\/demander-un-devis\/\" target=\"_blank\">\n\t\t\t\t\t\t<span class=\"elementor-button-content-wrapper\">\n\t\t\t\t\t\t\t\t\t<span class=\"elementor-button-text\">Demander un devis<\/span>\n\t\t\t\t\t<\/span>\n\t\t\t\t\t<\/a>\n\t\t\t\t\t\t\t\t<\/div>\n\t\t\t\t<\/div>\n\t\t\t\t\t<\/div>\n\t\t\t\t<\/div>\n\t\t<div class=\"elementor-element elementor-element-be8ab09 e-flex e-con-boxed wpr-particle-no wpr-jarallax-no wpr-parallax-no wpr-sticky-section-no wpr-equal-height-no e-con e-parent\" data-id=\"be8ab09\" data-element_type=\"container\" data-e-type=\"container\">\n\t\t\t\t\t<div class=\"e-con-inner\">\n\t\t\t\t<div class=\"elementor-element elementor-element-b6a1cab elementor-widget elementor-widget-text-editor\" data-id=\"b6a1cab\" data-element_type=\"widget\" data-e-type=\"widget\" data-widget_type=\"text-editor.default\">\n\t\t\t\t\t\t\t\t\t<p>Formation-action intra-entreprise \u2013 Approche participative et op\u00e9rationnelle<\/p>\t\t\t\t\t\t\t\t<\/div>\n\t\t\t\t\t<\/div>\n\t\t\t\t<\/div>\n\t\t<div class=\"elementor-element elementor-element-cb1c7a5 e-con-full e-flex wpr-particle-no wpr-jarallax-no wpr-parallax-no wpr-sticky-section-no wpr-equal-height-no e-con e-parent\" data-id=\"cb1c7a5\" data-element_type=\"container\" data-e-type=\"container\">\n\t\t<div class=\"elementor-element elementor-element-46057a5 e-con-full e-flex wpr-particle-no wpr-jarallax-no wpr-parallax-no wpr-sticky-section-no wpr-equal-height-no e-con e-child\" data-id=\"46057a5\" data-element_type=\"container\" data-e-type=\"container\">\n\t\t\t\t<div class=\"elementor-element elementor-element-4793198 elementor-widget elementor-widget-heading\" data-id=\"4793198\" data-element_type=\"widget\" data-e-type=\"widget\" data-widget_type=\"heading.default\">\n\t\t\t\t\t<h3 class=\"elementor-heading-title elementor-size-default\">\u00c0 l\u2019issue de la formation, vous serez en capacit\u00e9 de :<\/h3>\t\t\t\t<\/div>\n\t\t\t\t<div class=\"elementor-element elementor-element-a1c33ab elementor-widget elementor-widget-text-editor\" data-id=\"a1c33ab\" data-element_type=\"widget\" data-e-type=\"widget\" data-widget_type=\"text-editor.default\">\n\t\t\t\t\t\t\t\t\t<ul><li data-section-id=\"17gjt4\" data-start=\"561\" data-end=\"666\">Analyser une situation de travail en s&rsquo;appuyant sur la r\u00e9alit\u00e9 du travail et son organisation et en int\u00e9grant le point de vue des diff\u00e9rents acteurs de la pr\u00e9vention.<\/li><li data-section-id=\"17gjt4\" data-start=\"561\" data-end=\"666\">D\u00e9finir un plan d&rsquo;action avec des mesures techniques, humaines et organisationnelles<\/li><\/ul>\t\t\t\t\t\t\t\t<\/div>\n\t\t\t\t<\/div>\n\t\t\t\t<\/div>\n\t\t<div class=\"elementor-element elementor-element-0dc23a4 e-con-full e-flex wpr-particle-no wpr-jarallax-no wpr-parallax-no wpr-sticky-section-no wpr-equal-height-no e-con e-parent\" data-id=\"0dc23a4\" data-element_type=\"container\" data-e-type=\"container\">\n\t\t<div class=\"elementor-element elementor-element-7a306cb e-con-full e-flex wpr-particle-no wpr-jarallax-no wpr-parallax-no wpr-sticky-section-no wpr-equal-height-no e-con e-child\" data-id=\"7a306cb\" data-element_type=\"container\" data-e-type=\"container\">\n\t\t<div class=\"elementor-element elementor-element-8516abf e-con-full e-flex wpr-particle-no wpr-jarallax-no wpr-parallax-no wpr-sticky-section-no wpr-equal-height-no e-con e-child\" data-id=\"8516abf\" data-element_type=\"container\" data-e-type=\"container\">\n\t\t\t\t<div class=\"elementor-element elementor-element-f595303 elementor-widget elementor-widget-heading\" data-id=\"f595303\" data-element_type=\"widget\" data-e-type=\"widget\" data-widget_type=\"heading.default\">\n\t\t\t\t\t<h3 class=\"elementor-heading-title elementor-size-default\">Pourquoi cette formation ?<\/h3>\t\t\t\t<\/div>\n\t\t\t\t<div class=\"elementor-element elementor-element-3e4942b elementor-widget elementor-widget-text-editor\" data-id=\"3e4942b\" data-element_type=\"widget\" data-e-type=\"widget\" data-widget_type=\"text-editor.default\">\n\t\t\t\t\t\t\t\t\t<p data-start=\"937\" data-end=\"1100\">Cette formation-action permet de construire une d\u00e9marche d&rsquo;analyse d&rsquo;un risque et de pr\u00e9vention op\u00e9rationnelle, en lien direct avec les enjeux et le contexte de l\u2019entreprise.<\/p>\t\t\t\t\t\t\t\t<\/div>\n\t\t\t\t<\/div>\n\t\t\t\t<\/div>\n\t\t<div class=\"elementor-element elementor-element-1b7a456 e-con-full e-flex wpr-particle-no wpr-jarallax-no wpr-parallax-no wpr-sticky-section-no wpr-equal-height-no e-con e-child\" data-id=\"1b7a456\" data-element_type=\"container\" data-e-type=\"container\">\n\t\t<div class=\"elementor-element elementor-element-58c3d8e e-con-full e-flex wpr-particle-no wpr-jarallax-no wpr-parallax-no wpr-sticky-section-no wpr-equal-height-no e-con e-child\" data-id=\"58c3d8e\" data-element_type=\"container\" data-e-type=\"container\">\n\t\t\t\t<div class=\"elementor-element elementor-element-1f1841b elementor-widget elementor-widget-heading\" data-id=\"1f1841b\" data-element_type=\"widget\" data-e-type=\"widget\" data-widget_type=\"heading.default\">\n\t\t\t\t\t<h3 class=\"elementor-heading-title elementor-size-default\">Une formation ancr\u00e9e dans votre r\u00e9alit\u00e9 :<\/h3>\t\t\t\t<\/div>\n\t\t\t\t<div class=\"elementor-element elementor-element-b7459c2 elementor-widget elementor-widget-text-editor\" data-id=\"b7459c2\" data-element_type=\"widget\" data-e-type=\"widget\" data-widget_type=\"text-editor.default\">\n\t\t\t\t\t\t\t\t\t<ul><li data-section-id=\"14hzsdk\" data-start=\"1571\" data-end=\"1645\">Phase d\u2019ing\u00e9nierie en amont pour analyser votre contexte, adapter la formation-action aux enjeux sp\u00e9cifiques de l&rsquo;entreprise,\u00a0<\/li><li data-section-id=\"mouoo1\" data-start=\"1701\" data-end=\"1765\">Alternance d\u2019apports m\u00e9thodologiques et de mises en pratique<\/li><li data-section-id=\"1811y3j\" data-start=\"1766\" data-end=\"1822\">Travaux intersessions pour construire votre d\u00e9marche<\/li><li data-section-id=\"l3u5bb\" data-start=\"1823\" data-end=\"1894\">Production d\u2019outils directement applicables (DUERP, plan d\u2019action\u2026)<\/li><li data-section-id=\"li20tf\" data-start=\"1895\" data-end=\"1960\">Approche participative impliquant les acteurs de l\u2019entreprise<\/li><\/ul>\t\t\t\t\t\t\t\t<\/div>\n\t\t\t\t<\/div>\n\t\t\t\t<\/div>\n\t\t<div class=\"elementor-element elementor-element-2dd3fab e-con-full e-flex wpr-particle-no wpr-jarallax-no wpr-parallax-no wpr-sticky-section-no wpr-equal-height-no e-con e-child\" data-id=\"2dd3fab\" data-element_type=\"container\" data-e-type=\"container\">\n\t\t<div class=\"elementor-element elementor-element-25b8db6 e-con-full e-flex wpr-particle-no wpr-jarallax-no wpr-parallax-no wpr-sticky-section-no wpr-equal-height-no e-con e-child\" data-id=\"25b8db6\" data-element_type=\"container\" data-e-type=\"container\">\n\t\t\t\t<div class=\"elementor-element elementor-element-80389f0 elementor-position-inline-start elementor-view-default elementor-mobile-position-block-start elementor-widget elementor-widget-icon-box\" data-id=\"80389f0\" data-element_type=\"widget\" data-e-type=\"widget\" data-widget_type=\"icon-box.default\">\n\t\t\t\t\t\t\t<div class=\"elementor-icon-box-wrapper\">\n\n\t\t\t\t\t\t<div class=\"elementor-icon-box-icon\">\n\t\t\t\t<span  class=\"elementor-icon\">\n\t\t\t\t<svg aria-hidden=\"true\" class=\"e-font-icon-svg e-fas-info-circle\" viewBox=\"0 0 512 512\" xmlns=\"http:\/\/www.w3.org\/2000\/svg\"><path d=\"M256 8C119.043 8 8 119.083 8 256c0 136.997 111.043 248 248 248s248-111.003 248-248C504 119.083 392.957 8 256 8zm0 110c23.196 0 42 18.804 42 42s-18.804 42-42 42-42-18.804-42-42 18.804-42 42-42zm56 254c0 6.627-5.373 12-12 12h-88c-6.627 0-12-5.373-12-12v-24c0-6.627 5.373-12 12-12h12v-64h-12c-6.627 0-12-5.373-12-12v-24c0-6.627 5.373-12 12-12h64c6.627 0 12 5.373 12 12v100h12c6.627 0 12 5.373 12 12v24z\"><\/path><\/svg>\t\t\t\t<\/span>\n\t\t\t<\/div>\n\t\t\t\n\t\t\t\t\t\t<div class=\"elementor-icon-box-content\">\n\n\t\t\t\t\t\t\t\t\t<h3 class=\"elementor-icon-box-title\">\n\t\t\t\t\t\t<span  >\n\t\t\t\t\t\t\tModalit\u00e9s\t\t\t\t\t\t<\/span>\n\t\t\t\t\t<\/h3>\n\t\t\t\t\n\t\t\t\t\n\t\t\t<\/div>\n\t\t\t\n\t\t<\/div>\n\t\t\t\t\t\t<\/div>\n\t\t\t\t<div class=\"elementor-element elementor-element-f1cef0c elementor-widget elementor-widget-text-editor\" data-id=\"f1cef0c\" data-element_type=\"widget\" data-e-type=\"widget\" data-widget_type=\"text-editor.default\">\n\t\t\t\t\t\t\t\t\t<p data-start=\"1988\" data-end=\"2105\"><strong data-start=\"1988\" data-end=\"2000\">Public :<\/strong> direction, encadrement, r\u00e9f\u00e9rent s\u00e9curit\u00e9, membres du CSE, toute personne impliqu\u00e9e dans la pr\u00e9vention<\/p><p data-start=\"2107\" data-end=\"2130\"><strong data-start=\"2107\" data-end=\"2122\">Pr\u00e9requis :<\/strong> aucun<\/p><p data-start=\"2132\" data-end=\"2196\"><strong data-start=\"2132\" data-end=\"2143\">Dur\u00e9e :<\/strong> 4 jours (2 + 1 + 1) + 1 jour d\u2019ing\u00e9nierie en amont<\/p><p data-start=\"2198\" data-end=\"2249\"><strong data-start=\"2198\" data-end=\"2210\">Format :<\/strong> formation-action en intra-entreprise<\/p><p data-start=\"2251\" data-end=\"2330\"><strong data-start=\"2251\" data-end=\"2267\">\u00c9valuation :<\/strong>\u00a0A partir des travaux intersessions<\/p>\t\t\t\t\t\t\t\t<\/div>\n\t\t\t\t<\/div>\n\t\t\t\t<\/div>\n\t\t\t\t<\/div>\n\t\t\t\t<\/div>\n\t\t","protected":false},"excerpt":{"rendered":"<p>&nbsp;Formation &#8211; Conduire une d\u00e9marche de pr\u00e9vention des risques professionnels&nbsp;Accompagner la mise en \u0153uvre concr\u00e8te d&rsquo;une d\u00e9marche de pr\u00e9vention des risques professionnels au sein de l&rsquo;entreprise. T\u00e9l\u00e9charger le programme complet Demander un devis Formation-action intra-entreprise \u2013 Approche participative et op\u00e9rationnelle \u00c0 l\u2019issue de la formation, vous serez en capacit\u00e9 de : Analyser une situation de travail en s&rsquo;appuyant sur la r\u00e9alit\u00e9 du travail et son organisation et en int\u00e9grant le point de vue des diff\u00e9rents acteurs de la pr\u00e9vention. D\u00e9finir un plan d&rsquo;action avec des mesures techniques, humaines et organisationnelles Pourquoi cette formation ? Cette formation-action permet de construire une d\u00e9marche d&rsquo;analyse d&rsquo;un risque et de pr\u00e9vention op\u00e9rationnelle, en lien direct avec les enjeux et le contexte de l\u2019entreprise. Une formation ancr\u00e9e dans votre r\u00e9alit\u00e9 : Phase d\u2019ing\u00e9nierie en amont pour analyser votre contexte, adapter la formation-action aux enjeux sp\u00e9cifiques de l&rsquo;entreprise,\u00a0 Alternance d\u2019apports m\u00e9thodologiques et de mises en pratique Travaux intersessions pour construire votre d\u00e9marche Production d\u2019outils directement applicables (DUERP, plan d\u2019action\u2026) Approche participative impliquant les acteurs de l\u2019entreprise Modalit\u00e9s Public : direction, encadrement, r\u00e9f\u00e9rent s\u00e9curit\u00e9, membres du CSE, toute personne impliqu\u00e9e dans la pr\u00e9vention Pr\u00e9requis : aucun Dur\u00e9e : 4 jours (2 + 1 + 1) + 1 jour d\u2019ing\u00e9nierie en amont Format : formation-action en intra-entreprise \u00c9valuation :\u00a0A partir des travaux intersessions<\/p>\n","protected":false},"author":1,"featured_media":0,"parent":0,"menu_order":0,"comment_status":"closed","ping_status":"closed","template":"","meta":{"site-sidebar-layout":"no-sidebar","site-content-layout":"","ast-site-content-layout":"full-width-container","site-content-style":"default","site-sidebar-style":"default","ast-global-header-display":"","ast-banner-title-visibility":"","ast-main-header-display":"","ast-hfb-above-header-display":"","ast-hfb-below-header-display":"","ast-hfb-mobile-header-display":"","site-post-title":"disabled","ast-breadcrumbs-content":"","ast-featured-img":"disabled","footer-sml-layout":"","ast-disable-related-posts":"","theme-transparent-header-meta":"","adv-header-id-meta":"","stick-header-meta":"","header-above-stick-meta":"","header-main-stick-meta":"","header-below-stick-meta":"","astra-migrate-meta-layouts":"default","ast-page-background-enabled":"default","ast-page-background-meta":{"desktop":{"background-color":"var(--ast-global-color-5)","background-image":"","background-repeat":"repeat","background-position":"center center","background-size":"auto","background-attachment":"scroll","background-type":"","background-media":"","overlay-type":"","overlay-color":"","overlay-opacity":"","overlay-gradient":""},"tablet":{"background-color":"","background-image":"","background-repeat":"repeat","background-position":"center center","background-size":"auto","background-attachment":"scroll","background-type":"","background-media":"","overlay-type":"","overlay-color":"","overlay-opacity":"","overlay-gradient":""},"mobile":{"background-color":"","background-image":"","background-repeat":"repeat","background-position":"center center","background-size":"auto","background-attachment":"scroll","background-type":"","background-media":"","overlay-type":"","overlay-color":"","overlay-opacity":"","overlay-gradient":""}},"ast-content-background-meta":{"desktop":{"background-color":"var(--ast-global-color-4)","background-image":"","background-repeat":"repeat","background-position":"center center","background-size":"auto","background-attachment":"scroll","background-type":"","background-media":"","overlay-type":"","overlay-color":"","overlay-opacity":"","overlay-gradient":""},"tablet":{"background-color":"var(--ast-global-color-4)","background-image":"","background-repeat":"repeat","background-position":"center center","background-size":"auto","background-attachment":"scroll","background-type":"","background-media":"","overlay-type":"","overlay-color":"","overlay-opacity":"","overlay-gradient":""},"mobile":{"background-color":"var(--ast-global-color-4)","background-image":"","background-repeat":"repeat","background-position":"center center","background-size":"auto","background-attachment":"scroll","background-type":"","background-media":"","overlay-type":"","overlay-color":"","overlay-opacity":"","overlay-gradient":""}},"footnotes":""},"class_list":["post-199","page","type-page","status-publish","hentry"],"_links":{"self":[{"href":"https:\/\/gps-site.fr\/index.php\/wp-json\/wp\/v2\/pages\/199","targetHints":{"allow":["GET"]}}],"collection":[{"href":"https:\/\/gps-site.fr\/index.php\/wp-json\/wp\/v2\/pages"}],"about":[{"href":"https:\/\/gps-site.fr\/index.php\/wp-json\/wp\/v2\/types\/page"}],"author":[{"embeddable":true,"href":"https:\/\/gps-site.fr\/index.php\/wp-json\/wp\/v2\/users\/1"}],"replies":[{"embeddable":true,"href":"https:\/\/gps-site.fr\/index.php\/wp-json\/wp\/v2\/comments?post=199"}],"version-history":[{"count":33,"href":"https:\/\/gps-site.fr\/index.php\/wp-json\/wp\/v2\/pages\/199\/revisions"}],"predecessor-version":[{"id":3014,"href":"https:\/\/gps-site.fr\/index.php\/wp-json\/wp\/v2\/pages\/199\/revisions\/3014"}],"wp:attachment":[{"href":"https:\/\/gps-site.fr\/index.php\/wp-json\/wp\/v2\/media?parent=199"}],"curies":[{"name":"wp","href":"https:\/\/api.w.org\/{rel}","templated":true}]}}