{"id":195,"date":"2025-12-10T13:29:55","date_gmt":"2025-12-10T12:29:55","guid":{"rendered":"http:\/\/s386468537.onlinehome.fr\/?page_id=195"},"modified":"2026-04-26T16:04:58","modified_gmt":"2026-04-26T14:04:58","slug":"evaluer-les-risques-professionnel-evrp","status":"publish","type":"page","link":"https:\/\/gps-site.fr\/index.php\/evaluer-les-risques-professionnel-evrp\/","title":{"rendered":"\u00c9valuer les risques professionnel (EVRP)"},"content":{"rendered":"\t\t<div data-elementor-type=\"wp-page\" data-elementor-id=\"195\" class=\"elementor elementor-195\">\n\t\t\t\t<div class=\"elementor-element elementor-element-0b9a0ed e-flex e-con-boxed wpr-particle-no wpr-jarallax-no wpr-parallax-no wpr-sticky-section-no wpr-equal-height-no e-con e-parent\" data-id=\"0b9a0ed\" data-element_type=\"container\" data-e-type=\"container\">\n\t\t\t\t\t<div class=\"e-con-inner\">\n\t\t\t\t<div class=\"elementor-element elementor-element-2aa2389 elementor-widget__width-inherit elementor-widget elementor-widget-text-editor\" data-id=\"2aa2389\" data-element_type=\"widget\" data-e-type=\"widget\" data-widget_type=\"text-editor.default\">\n\t\t\t\t\t\t\t\t\t<div style=\"height: 100px;\" aria-hidden=\"true\">\u00a0<span style=\"color: #1e293b; font-size: 1.875rem; font-style: inherit; font-weight: 600; background-color: transparent;\">Formation : Evaluer les Risques Professionnels (EvRP)<\/span><br \/><span style=\"color: #334155; font-size: 1.1em; font-style: italic; font-weight: inherit; background-color: transparent;\">\u00a0<\/span><em style=\"color: #334155; font-weight: inherit; background-color: transparent; font-size: 17.6px; text-align: start;\">Mettre en \u0153uvre une\u00a0<strong data-start=\"1919\" data-end=\"1985\">d\u00e9marche participative d\u2019\u00e9valuation des risques professionnels<\/strong>, dans le respect des valeurs et des bonnes pratiques de l\u2019Assurance Maladie \u2013 Risques Professionnels \/ INRS, pour faciliter la mise en place de plans d\u2019action efficaces.<\/em><\/div><p><!-- \/wp:heading --><\/p>\t\t\t\t\t\t\t\t<\/div>\n\t\t\t\t\t<\/div>\n\t\t\t\t<\/div>\n\t\t<div class=\"elementor-element elementor-element-404cb7a e-flex e-con-boxed wpr-particle-no wpr-jarallax-no wpr-parallax-no wpr-sticky-section-no wpr-equal-height-no e-con e-parent\" data-id=\"404cb7a\" data-element_type=\"container\" data-e-type=\"container\">\n\t\t\t\t\t<div class=\"e-con-inner\">\n\t\t<div class=\"elementor-element elementor-element-935147a e-con-full e-flex wpr-particle-no wpr-jarallax-no wpr-parallax-no wpr-sticky-section-no wpr-equal-height-no e-con e-child\" data-id=\"935147a\" data-element_type=\"container\" data-e-type=\"container\">\n\t\t\t\t<div class=\"elementor-element elementor-element-7c0d357 elementor-align-center elementor-widget elementor-widget-button\" data-id=\"7c0d357\" data-element_type=\"widget\" data-e-type=\"widget\" data-widget_type=\"button.default\">\n\t\t\t\t\t\t\t\t\t\t<a class=\"elementor-button elementor-button-link elementor-size-sm\" href=\"http:\/\/s386468537.onlinehome.fr\/wp-content\/uploads\/2026\/04\/Programme_EvRP-2026.pdf\" target=\"_blank\">\n\t\t\t\t\t\t<span class=\"elementor-button-content-wrapper\">\n\t\t\t\t\t\t\t\t\t<span class=\"elementor-button-text\">T\u00e9l\u00e9charger le programme complet<\/span>\n\t\t\t\t\t<\/span>\n\t\t\t\t\t<\/a>\n\t\t\t\t\t\t\t\t<\/div>\n\t\t\t\t<\/div>\n\t\t<div class=\"elementor-element elementor-element-1ecd925 e-con-full e-flex wpr-particle-no wpr-jarallax-no wpr-parallax-no wpr-sticky-section-no wpr-equal-height-no e-con e-child\" data-id=\"1ecd925\" data-element_type=\"container\" data-e-type=\"container\">\n\t\t\t\t<div class=\"elementor-element elementor-element-1699a6f elementor-align-center elementor-widget elementor-widget-button\" data-id=\"1699a6f\" data-element_type=\"widget\" data-e-type=\"widget\" data-widget_type=\"button.default\">\n\t\t\t\t\t\t\t\t\t\t<a class=\"elementor-button elementor-button-link elementor-size-sm\" href=\"http:\/\/s386468537.onlinehome.fr\/index.php\/demander-un-devis\/\" target=\"_blank\">\n\t\t\t\t\t\t<span class=\"elementor-button-content-wrapper\">\n\t\t\t\t\t\t\t\t\t<span class=\"elementor-button-text\">Demander un devis<\/span>\n\t\t\t\t\t<\/span>\n\t\t\t\t\t<\/a>\n\t\t\t\t\t\t\t\t<\/div>\n\t\t\t\t<\/div>\n\t\t\t\t\t<\/div>\n\t\t\t\t<\/div>\n\t\t<div class=\"elementor-element elementor-element-0cc688d e-con-full e-flex wpr-particle-no wpr-jarallax-no wpr-parallax-no wpr-sticky-section-no wpr-equal-height-no e-con e-parent\" data-id=\"0cc688d\" data-element_type=\"container\" data-e-type=\"container\">\n\t\t\t\t<div class=\"elementor-element elementor-element-c144a5c elementor-widget elementor-widget-text-editor\" data-id=\"c144a5c\" data-element_type=\"widget\" data-e-type=\"widget\" data-widget_type=\"text-editor.default\">\n\t\t\t\t\t\t\t\t\t<p>Modalit\u00e9s inter-entreprises ou intra-entreprise.\u00a0<\/p>\t\t\t\t\t\t\t\t<\/div>\n\t\t\t\t<\/div>\n\t\t<div class=\"elementor-element elementor-element-88e4433 e-con-full e-flex wpr-particle-no wpr-jarallax-no wpr-parallax-no wpr-sticky-section-no wpr-equal-height-no e-con e-parent\" data-id=\"88e4433\" data-element_type=\"container\" data-e-type=\"container\">\n\t\t\t\t<div class=\"elementor-element elementor-element-73f3990 elementor-widget elementor-widget-heading\" data-id=\"73f3990\" data-element_type=\"widget\" data-e-type=\"widget\" data-widget_type=\"heading.default\">\n\t\t\t\t\t<h3 class=\"elementor-heading-title elementor-size-default\">\u00c0 l\u2019issue de la formation, vous serez en capacit\u00e9 de :<\/h3>\t\t\t\t<\/div>\n\t\t\t\t<div class=\"elementor-element elementor-element-d0e27c0 elementor-widget elementor-widget-text-editor\" data-id=\"d0e27c0\" data-element_type=\"widget\" data-e-type=\"widget\" data-widget_type=\"text-editor.default\">\n\t\t\t\t\t\t\t\t\t<ul><li data-section-id=\"hmvhrf\" data-start=\"414\" data-end=\"496\">Comprendre les enjeux et les principes d\u2019une d\u00e9marche de pr\u00e9vention structur\u00e9e<\/li><li data-section-id=\"hqj07u\" data-start=\"497\" data-end=\"594\">R\u00e9aliser une \u00e9valuation des risques professionnels \u00e0 partir des situations de travail r\u00e9elles<\/li><li data-section-id=\"qqtw69\" data-start=\"595\" data-end=\"676\">Formaliser le Document Unique d\u2019\u00c9valuation des Risques Professionnels (DUERP)<\/li><li data-section-id=\"qc7bc2\" data-start=\"677\" data-end=\"727\">Construire un plan d\u2019action adapt\u00e9 et prioris\u00e9<\/li><li data-section-id=\"aep610\" data-start=\"728\" data-end=\"811\">D\u00e9finir des crit\u00e8res d\u2019efficacit\u00e9 et assurer le suivi des actions de pr\u00e9vention<\/li><li data-section-id=\"1pqzt8j\" data-start=\"812\" data-end=\"892\">Contribuer \u00e0 la p\u00e9rennisation de la d\u00e9marche de pr\u00e9vention dans l\u2019entreprise<\/li><\/ul>\t\t\t\t\t\t\t\t<\/div>\n\t\t\t\t<\/div>\n\t\t<div class=\"elementor-element elementor-element-578a01d e-con-full e-flex wpr-particle-no wpr-jarallax-no wpr-parallax-no wpr-sticky-section-no wpr-equal-height-no e-con e-parent\" data-id=\"578a01d\" data-element_type=\"container\" data-e-type=\"container\">\n\t\t<div class=\"elementor-element elementor-element-4371db2 e-con-full e-flex wpr-particle-no wpr-jarallax-no wpr-parallax-no wpr-sticky-section-no wpr-equal-height-no e-con e-child\" data-id=\"4371db2\" data-element_type=\"container\" data-e-type=\"container\">\n\t\t<div class=\"elementor-element elementor-element-4697905 e-con-full e-flex wpr-particle-no wpr-jarallax-no wpr-parallax-no wpr-sticky-section-no wpr-equal-height-no e-con e-child\" data-id=\"4697905\" data-element_type=\"container\" data-e-type=\"container\">\n\t\t\t\t<div class=\"elementor-element elementor-element-680da2c elementor-widget elementor-widget-heading\" data-id=\"680da2c\" data-element_type=\"widget\" data-e-type=\"widget\" data-widget_type=\"heading.default\">\n\t\t\t\t\t<h3 class=\"elementor-heading-title elementor-size-default\">Pourquoi cette formation ?<\/h3>\t\t\t\t<\/div>\n\t\t\t\t<div class=\"elementor-element elementor-element-2bdbf78 elementor-widget elementor-widget-text-editor\" data-id=\"2bdbf78\" data-element_type=\"widget\" data-e-type=\"widget\" data-widget_type=\"text-editor.default\">\n\t\t\t\t\t\t\t\t\t<p data-start=\"937\" data-end=\"1100\">L\u2019\u00e9valuation des risques professionnels constitue une obligation r\u00e9glementaire, mais aussi un levier essentiel pour structurer une d\u00e9marche de pr\u00e9vention efficace.<\/p><p data-start=\"1102\" data-end=\"1245\">Dans les faits, de nombreuses entreprises disposent d\u2019un document unique peu op\u00e9rationnel, difficile \u00e0 exploiter ou d\u00e9connect\u00e9 du travail r\u00e9el.<\/p><p data-start=\"1247\" data-end=\"1409\">La mise en \u0153uvre d\u2019une d\u00e9marche d\u2019\u00e9valuation des risques n\u00e9cessite des comp\u00e9tences m\u00e9thodologiques, une approche structur\u00e9e et l\u2019implication des acteurs internes.<\/p><p data-start=\"1411\" data-end=\"1534\">Cette formation permet de construire une d\u00e9marche EvRP concr\u00e8te, participative et directement applicable dans l\u2019entreprise.<\/p>\t\t\t\t\t\t\t\t<\/div>\n\t\t\t\t<\/div>\n\t\t\t\t<\/div>\n\t\t<div class=\"elementor-element elementor-element-477c948 e-con-full e-flex wpr-particle-no wpr-jarallax-no wpr-parallax-no wpr-sticky-section-no wpr-equal-height-no e-con e-child\" data-id=\"477c948\" data-element_type=\"container\" data-e-type=\"container\">\n\t\t<div class=\"elementor-element elementor-element-eee9df9 e-con-full e-flex wpr-particle-no wpr-jarallax-no wpr-parallax-no wpr-sticky-section-no wpr-equal-height-no e-con e-child\" data-id=\"eee9df9\" data-element_type=\"container\" data-e-type=\"container\">\n\t\t\t\t<div class=\"elementor-element elementor-element-cc3b27b elementor-widget elementor-widget-heading\" data-id=\"cc3b27b\" data-element_type=\"widget\" data-e-type=\"widget\" data-widget_type=\"heading.default\">\n\t\t\t\t\t<h3 class=\"elementor-heading-title elementor-size-default\">Une formation ancr\u00e9e dans votre r\u00e9alit\u00e9 :<\/h3>\t\t\t\t<\/div>\n\t\t\t\t<div class=\"elementor-element elementor-element-e4d895c elementor-widget elementor-widget-text-editor\" data-id=\"e4d895c\" data-element_type=\"widget\" data-e-type=\"widget\" data-widget_type=\"text-editor.default\">\n\t\t\t\t\t\t\t\t\t<ul><li data-section-id=\"1ul51mq\" data-start=\"1594\" data-end=\"1642\">Approche participative et pluridisciplinaire<\/li><li data-section-id=\"d0rmoa\" data-start=\"1643\" data-end=\"1709\">Analyse de situations de travail issues de votre environnement<\/li><li data-section-id=\"baq04s\" data-start=\"1710\" data-end=\"1762\">Apports m\u00e9thodologiques directement mobilisables<\/li><li data-section-id=\"1i2lsgu\" data-start=\"1763\" data-end=\"1820\">Utilisation d\u2019outils concrets de recueil et d\u2019analyse<\/li><li data-section-id=\"1td18g2\" data-start=\"1821\" data-end=\"1903\">Construction ou mise \u00e0 jour de votre document unique et de votre plan d\u2019action<\/li><\/ul>\t\t\t\t\t\t\t\t<\/div>\n\t\t\t\t<\/div>\n\t\t\t\t<\/div>\n\t\t<div class=\"elementor-element elementor-element-9f8e12e e-con-full e-flex wpr-particle-no wpr-jarallax-no wpr-parallax-no wpr-sticky-section-no wpr-equal-height-no e-con e-child\" data-id=\"9f8e12e\" data-element_type=\"container\" data-e-type=\"container\">\n\t\t<div class=\"elementor-element elementor-element-55fd20c e-con-full e-flex wpr-particle-no wpr-jarallax-no wpr-parallax-no wpr-sticky-section-no wpr-equal-height-no e-con e-child\" data-id=\"55fd20c\" data-element_type=\"container\" data-e-type=\"container\">\n\t\t\t\t<div class=\"elementor-element elementor-element-90ca953 elementor-position-inline-start elementor-view-default elementor-mobile-position-block-start elementor-widget elementor-widget-icon-box\" data-id=\"90ca953\" data-element_type=\"widget\" data-e-type=\"widget\" data-widget_type=\"icon-box.default\">\n\t\t\t\t\t\t\t<div class=\"elementor-icon-box-wrapper\">\n\n\t\t\t\t\t\t<div class=\"elementor-icon-box-icon\">\n\t\t\t\t<span  class=\"elementor-icon\">\n\t\t\t\t<svg aria-hidden=\"true\" class=\"e-font-icon-svg e-fas-info-circle\" viewBox=\"0 0 512 512\" xmlns=\"http:\/\/www.w3.org\/2000\/svg\"><path d=\"M256 8C119.043 8 8 119.083 8 256c0 136.997 111.043 248 248 248s248-111.003 248-248C504 119.083 392.957 8 256 8zm0 110c23.196 0 42 18.804 42 42s-18.804 42-42 42-42-18.804-42-42 18.804-42 42-42zm56 254c0 6.627-5.373 12-12 12h-88c-6.627 0-12-5.373-12-12v-24c0-6.627 5.373-12 12-12h12v-64h-12c-6.627 0-12-5.373-12-12v-24c0-6.627 5.373-12 12-12h64c6.627 0 12 5.373 12 12v100h12c6.627 0 12 5.373 12 12v24z\"><\/path><\/svg>\t\t\t\t<\/span>\n\t\t\t<\/div>\n\t\t\t\n\t\t\t\t\t\t<div class=\"elementor-icon-box-content\">\n\n\t\t\t\t\t\t\t\t\t<h3 class=\"elementor-icon-box-title\">\n\t\t\t\t\t\t<span  >\n\t\t\t\t\t\t\tModalit\u00e9s\t\t\t\t\t\t<\/span>\n\t\t\t\t\t<\/h3>\n\t\t\t\t\n\t\t\t\t\n\t\t\t<\/div>\n\t\t\t\n\t\t<\/div>\n\t\t\t\t\t\t<\/div>\n\t\t\t\t<div class=\"elementor-element elementor-element-355b980 elementor-widget elementor-widget-text-editor\" data-id=\"355b980\" data-element_type=\"widget\" data-e-type=\"widget\" data-widget_type=\"text-editor.default\">\n\t\t\t\t\t\t\t\t\t<p data-start=\"1931\" data-end=\"2042\"><strong data-start=\"1931\" data-end=\"1943\">Public :<\/strong> toute personne d\u00e9sign\u00e9e pour mettre en \u0153uvre la d\u00e9marche d\u2019\u00e9valuation des risques professionnels<\/p><p data-start=\"2044\" data-end=\"2143\"><strong data-start=\"2044\" data-end=\"2059\">Pr\u00e9requis : <\/strong><span data-start=\"2044\" data-end=\"2059\">pas de pr\u00e9requis<\/span><\/p><p data-start=\"2145\" data-end=\"2178\"><strong data-start=\"2145\" data-end=\"2156\">Dur\u00e9e :<\/strong> 3 jours (21 heures)<\/p><p data-start=\"2180\" data-end=\"2233\"><strong data-start=\"2180\" data-end=\"2192\">Format :<\/strong> formation en inter ou intra-entreprise<\/p><p data-start=\"2235\" data-end=\"2294\"><strong data-start=\"2235\" data-end=\"2251\">\u00c9valuation :<\/strong> \u00e9valuation continue et travaux pratiques<\/p>\t\t\t\t\t\t\t\t<\/div>\n\t\t\t\t<\/div>\n\t\t\t\t<\/div>\n\t\t\t\t<\/div>\n\t\t\t\t<\/div>\n\t\t","protected":false},"excerpt":{"rendered":"<p>\u00a0Formation : Evaluer les Risques Professionnels (EvRP)\u00a0Mettre en \u0153uvre une\u00a0d\u00e9marche participative d\u2019\u00e9valuation des risques professionnels, dans le respect des valeurs et des bonnes pratiques de l\u2019Assurance Maladie \u2013 Risques Professionnels \/ INRS, pour faciliter la mise en place de plans d\u2019action efficaces. T\u00e9l\u00e9charger le programme complet Demander un devis Modalit\u00e9s inter-entreprises ou intra-entreprise.\u00a0 \u00c0 l\u2019issue de la formation, vous serez en capacit\u00e9 de : Comprendre les enjeux et les principes d\u2019une d\u00e9marche de pr\u00e9vention structur\u00e9e R\u00e9aliser une \u00e9valuation des risques professionnels \u00e0 partir des situations de travail r\u00e9elles Formaliser le Document Unique d\u2019\u00c9valuation des Risques Professionnels (DUERP) Construire un plan d\u2019action adapt\u00e9 et prioris\u00e9 D\u00e9finir des crit\u00e8res d\u2019efficacit\u00e9 et assurer le suivi des actions de pr\u00e9vention Contribuer \u00e0 la p\u00e9rennisation de la d\u00e9marche de pr\u00e9vention dans l\u2019entreprise Pourquoi cette formation ? L\u2019\u00e9valuation des risques professionnels constitue une obligation r\u00e9glementaire, mais aussi un levier essentiel pour structurer une d\u00e9marche de pr\u00e9vention efficace. Dans les faits, de nombreuses entreprises disposent d\u2019un document unique peu op\u00e9rationnel, difficile \u00e0 exploiter ou d\u00e9connect\u00e9 du travail r\u00e9el. La mise en \u0153uvre d\u2019une d\u00e9marche d\u2019\u00e9valuation des risques n\u00e9cessite des comp\u00e9tences m\u00e9thodologiques, une approche structur\u00e9e et l\u2019implication des acteurs internes. Cette formation permet de construire une d\u00e9marche EvRP concr\u00e8te, participative et directement applicable dans l\u2019entreprise. Une formation ancr\u00e9e dans votre r\u00e9alit\u00e9 : Approche participative et pluridisciplinaire Analyse de situations de travail issues de votre environnement Apports m\u00e9thodologiques directement mobilisables Utilisation d\u2019outils concrets de recueil et d\u2019analyse Construction ou mise \u00e0 jour de votre document unique et de votre plan d\u2019action Modalit\u00e9s Public : toute personne d\u00e9sign\u00e9e pour mettre en \u0153uvre la d\u00e9marche d\u2019\u00e9valuation des risques professionnels Pr\u00e9requis : pas de pr\u00e9requis Dur\u00e9e : 3 jours (21 heures) Format : formation en inter ou intra-entreprise \u00c9valuation : \u00e9valuation continue et travaux pratiques<\/p>\n","protected":false},"author":1,"featured_media":0,"parent":0,"menu_order":0,"comment_status":"closed","ping_status":"closed","template":"elementor_header_footer","meta":{"site-sidebar-layout":"no-sidebar","site-content-layout":"","ast-site-content-layout":"full-width-container","site-content-style":"default","site-sidebar-style":"default","ast-global-header-display":"","ast-banner-title-visibility":"","ast-main-header-display":"","ast-hfb-above-header-display":"","ast-hfb-below-header-display":"","ast-hfb-mobile-header-display":"","site-post-title":"disabled","ast-breadcrumbs-content":"","ast-featured-img":"disabled","footer-sml-layout":"","ast-disable-related-posts":"","theme-transparent-header-meta":"","adv-header-id-meta":"","stick-header-meta":"","header-above-stick-meta":"","header-main-stick-meta":"","header-below-stick-meta":"","astra-migrate-meta-layouts":"default","ast-page-background-enabled":"default","ast-page-background-meta":{"desktop":{"background-color":"var(--ast-global-color-5)","background-image":"","background-repeat":"repeat","background-position":"center center","background-size":"auto","background-attachment":"scroll","background-type":"","background-media":"","overlay-type":"","overlay-color":"","overlay-opacity":"","overlay-gradient":""},"tablet":{"background-color":"","background-image":"","background-repeat":"repeat","background-position":"center center","background-size":"auto","background-attachment":"scroll","background-type":"","background-media":"","overlay-type":"","overlay-color":"","overlay-opacity":"","overlay-gradient":""},"mobile":{"background-color":"","background-image":"","background-repeat":"repeat","background-position":"center center","background-size":"auto","background-attachment":"scroll","background-type":"","background-media":"","overlay-type":"","overlay-color":"","overlay-opacity":"","overlay-gradient":""}},"ast-content-background-meta":{"desktop":{"background-color":"var(--ast-global-color-4)","background-image":"","background-repeat":"repeat","background-position":"center center","background-size":"auto","background-attachment":"scroll","background-type":"","background-media":"","overlay-type":"","overlay-color":"","overlay-opacity":"","overlay-gradient":""},"tablet":{"background-color":"var(--ast-global-color-4)","background-image":"","background-repeat":"repeat","background-position":"center center","background-size":"auto","background-attachment":"scroll","background-type":"","background-media":"","overlay-type":"","overlay-color":"","overlay-opacity":"","overlay-gradient":""},"mobile":{"background-color":"var(--ast-global-color-4)","background-image":"","background-repeat":"repeat","background-position":"center center","background-size":"auto","background-attachment":"scroll","background-type":"","background-media":"","overlay-type":"","overlay-color":"","overlay-opacity":"","overlay-gradient":""}},"footnotes":""},"class_list":["post-195","page","type-page","status-publish","hentry"],"_links":{"self":[{"href":"https:\/\/gps-site.fr\/index.php\/wp-json\/wp\/v2\/pages\/195","targetHints":{"allow":["GET"]}}],"collection":[{"href":"https:\/\/gps-site.fr\/index.php\/wp-json\/wp\/v2\/pages"}],"about":[{"href":"https:\/\/gps-site.fr\/index.php\/wp-json\/wp\/v2\/types\/page"}],"author":[{"embeddable":true,"href":"https:\/\/gps-site.fr\/index.php\/wp-json\/wp\/v2\/users\/1"}],"replies":[{"embeddable":true,"href":"https:\/\/gps-site.fr\/index.php\/wp-json\/wp\/v2\/comments?post=195"}],"version-history":[{"count":123,"href":"https:\/\/gps-site.fr\/index.php\/wp-json\/wp\/v2\/pages\/195\/revisions"}],"predecessor-version":[{"id":3017,"href":"https:\/\/gps-site.fr\/index.php\/wp-json\/wp\/v2\/pages\/195\/revisions\/3017"}],"wp:attachment":[{"href":"https:\/\/gps-site.fr\/index.php\/wp-json\/wp\/v2\/media?parent=195"}],"curies":[{"name":"wp","href":"https:\/\/api.w.org\/{rel}","templated":true}]}}