{"id":191,"date":"2025-12-10T13:29:21","date_gmt":"2025-12-10T12:29:21","guid":{"rendered":"http:\/\/s386468537.onlinehome.fr\/?page_id=191"},"modified":"2026-04-26T16:07:13","modified_gmt":"2026-04-26T14:07:13","slug":"assurer-sa-mission-de-salarie-designe-competent-sdc","status":"publish","type":"page","link":"https:\/\/gps-site.fr\/index.php\/assurer-sa-mission-de-salarie-designe-competent-sdc\/","title":{"rendered":"Assurer sa mission de salari\u00e9 d\u00e9sign\u00e9 comp\u00e9tent (SDC)"},"content":{"rendered":"\t\t<div data-elementor-type=\"wp-page\" data-elementor-id=\"191\" class=\"elementor elementor-191\">\n\t\t\t\t<div class=\"elementor-element elementor-element-0c8e4ba e-flex e-con-boxed wpr-particle-no wpr-jarallax-no wpr-parallax-no wpr-sticky-section-no wpr-equal-height-no e-con e-parent\" data-id=\"0c8e4ba\" data-element_type=\"container\" data-e-type=\"container\">\n\t\t\t\t\t<div class=\"e-con-inner\">\n\t\t\t\t<div class=\"elementor-element elementor-element-4678f7c elementor-widget__width-inherit elementor-widget elementor-widget-text-editor\" data-id=\"4678f7c\" data-element_type=\"widget\" data-e-type=\"widget\" data-widget_type=\"text-editor.default\">\n\t\t\t\t\t\t\t\t\t<div style=\"height: 100px;\" aria-hidden=\"true\">\u00a0<span style=\"color: #1e293b; font-size: 1.875rem; font-style: inherit; font-weight: 600; background-color: transparent;\">Formation : Assurer sa mission de salari\u00e9 d\u00e9sign\u00e9 comp\u00e9tent (SDC)<\/span><br \/><em style=\"color: #334155; font-weight: inherit; background-color: transparent; font-size: 17.6px; text-align: start;\">Acqu\u00e9rir les comp\u00e9tences essentielles en sant\u00e9 &amp; s\u00e9curit\u00e9 au travail.<\/em><\/div>\n<p><!-- \/wp:heading --><\/p>\t\t\t\t\t\t\t\t<\/div>\n\t\t\t\t\t<\/div>\n\t\t\t\t<\/div>\n\t\t<div class=\"elementor-element elementor-element-63a9ec7 e-flex e-con-boxed wpr-particle-no wpr-jarallax-no wpr-parallax-no wpr-sticky-section-no wpr-equal-height-no e-con e-parent\" data-id=\"63a9ec7\" data-element_type=\"container\" data-e-type=\"container\">\n\t\t\t\t\t<div class=\"e-con-inner\">\n\t\t<div class=\"elementor-element elementor-element-ba593bd e-con-full e-flex wpr-particle-no wpr-jarallax-no wpr-parallax-no wpr-sticky-section-no wpr-equal-height-no e-con e-child\" data-id=\"ba593bd\" data-element_type=\"container\" data-e-type=\"container\">\n\t\t\t\t<div class=\"elementor-element elementor-element-7089826 elementor-align-center elementor-widget elementor-widget-button\" data-id=\"7089826\" data-element_type=\"widget\" data-e-type=\"widget\" data-widget_type=\"button.default\">\n\t\t\t\t\t\t\t\t\t\t<a class=\"elementor-button elementor-button-link elementor-size-sm\" href=\"http:\/\/s386468537.onlinehome.fr\/wp-content\/uploads\/2026\/04\/Programme_SDC-2026_3.pdf\" target=\"_blank\">\n\t\t\t\t\t\t<span class=\"elementor-button-content-wrapper\">\n\t\t\t\t\t\t\t\t\t<span class=\"elementor-button-text\">T\u00e9l\u00e9charger le programme<\/span>\n\t\t\t\t\t<\/span>\n\t\t\t\t\t<\/a>\n\t\t\t\t\t\t\t\t<\/div>\n\t\t\t\t<\/div>\n\t\t<div class=\"elementor-element elementor-element-7666436 e-con-full e-flex wpr-particle-no wpr-jarallax-no wpr-parallax-no wpr-sticky-section-no wpr-equal-height-no e-con e-child\" data-id=\"7666436\" data-element_type=\"container\" data-e-type=\"container\">\n\t\t\t\t<div class=\"elementor-element elementor-element-2b994f9 elementor-align-center elementor-widget elementor-widget-button\" data-id=\"2b994f9\" data-element_type=\"widget\" data-e-type=\"widget\" data-widget_type=\"button.default\">\n\t\t\t\t\t\t\t\t\t\t<a class=\"elementor-button elementor-button-link elementor-size-sm\" href=\"http:\/\/s386468537.onlinehome.fr\/index.php\/demander-un-devis\/\" target=\"_blank\">\n\t\t\t\t\t\t<span class=\"elementor-button-content-wrapper\">\n\t\t\t\t\t\t\t\t\t<span class=\"elementor-button-text\">Demander un devis<\/span>\n\t\t\t\t\t<\/span>\n\t\t\t\t\t<\/a>\n\t\t\t\t\t\t\t\t<\/div>\n\t\t\t\t<\/div>\n\t\t\t\t\t<\/div>\n\t\t\t\t<\/div>\n\t\t<div class=\"elementor-element elementor-element-a05d706 e-flex e-con-boxed wpr-particle-no wpr-jarallax-no wpr-parallax-no wpr-sticky-section-no wpr-equal-height-no e-con e-parent\" data-id=\"a05d706\" data-element_type=\"container\" data-e-type=\"container\">\n\t\t\t\t\t<div class=\"e-con-inner\">\n\t\t\t\t<div class=\"elementor-element elementor-element-2bb1ee4 elementor-widget elementor-widget-heading\" data-id=\"2bb1ee4\" data-element_type=\"widget\" data-e-type=\"widget\" data-widget_type=\"heading.default\">\n\t\t\t\t\t<h3 class=\"elementor-heading-title elementor-size-default\">\u00c0 l\u2019issue de la formation, vous serez en capacit\u00e9 de :<\/h3>\t\t\t\t<\/div>\n\t\t\t\t<div class=\"elementor-element elementor-element-5355744 elementor-widget elementor-widget-text-editor\" data-id=\"5355744\" data-element_type=\"widget\" data-e-type=\"widget\" data-widget_type=\"text-editor.default\">\n\t\t\t\t\t\t\t\t\t<ul><li data-section-id=\"1oygd1l\" data-start=\"378\" data-end=\"485\">Situer votre r\u00f4le et vos missions en tant que salari\u00e9 d\u00e9sign\u00e9 comp\u00e9tent en sant\u00e9 et s\u00e9curit\u00e9 au travail<\/li><li data-section-id=\"1nhzcge\" data-start=\"486\" data-end=\"555\">R\u00e9aliser un \u00e9tat des lieux de la pr\u00e9vention dans votre entreprise<\/li><li data-section-id=\"12or9q8\" data-start=\"556\" data-end=\"652\">Identifier et analyser les risques professionnels \u00e0 partir des situations de travail r\u00e9elles<\/li><li data-section-id=\"d6u0qx\" data-start=\"653\" data-end=\"750\">Proposer des mesures de pr\u00e9vention adapt\u00e9es en lien avec les principes g\u00e9n\u00e9raux de pr\u00e9vention<\/li><li data-section-id=\"1q030a2\" data-start=\"751\" data-end=\"848\">Contribuer \u00e0 l\u2019\u00e9laboration et \u00e0 la mise \u00e0 jour du document unique et du plan d\u2019action associ\u00e9<\/li><li data-section-id=\"1317v79\" data-start=\"849\" data-end=\"948\">Participer \u00e0 l\u2019animation de la d\u00e9marche de pr\u00e9vention et \u00e0 la mobilisation des acteurs internes<\/li><\/ul>\t\t\t\t\t\t\t\t<\/div>\n\t\t\t\t\t<\/div>\n\t\t\t\t<\/div>\n\t\t<div class=\"elementor-element elementor-element-c74751d e-flex e-con-boxed wpr-particle-no wpr-jarallax-no wpr-parallax-no wpr-sticky-section-no wpr-equal-height-no e-con e-parent\" data-id=\"c74751d\" data-element_type=\"container\" data-e-type=\"container\">\n\t\t\t\t\t<div class=\"e-con-inner\">\n\t\t<div class=\"elementor-element elementor-element-2a67946 e-con-full e-flex wpr-particle-no wpr-jarallax-no wpr-parallax-no wpr-sticky-section-no wpr-equal-height-no e-con e-child\" data-id=\"2a67946\" data-element_type=\"container\" data-e-type=\"container\">\n\t\t<div class=\"elementor-element elementor-element-c399324 e-con-full e-flex wpr-particle-no wpr-jarallax-no wpr-parallax-no wpr-sticky-section-no wpr-equal-height-no e-con e-child\" data-id=\"c399324\" data-element_type=\"container\" data-e-type=\"container\">\n\t\t\t\t<div class=\"elementor-element elementor-element-0707151 elementor-widget elementor-widget-heading\" data-id=\"0707151\" data-element_type=\"widget\" data-e-type=\"widget\" data-widget_type=\"heading.default\">\n\t\t\t\t\t<h3 class=\"elementor-heading-title elementor-size-default\">Pourquoi cette formation ?<\/h3>\t\t\t\t<\/div>\n\t\t\t\t<div class=\"elementor-element elementor-element-a5d2994 elementor-widget elementor-widget-text-editor\" data-id=\"a5d2994\" data-element_type=\"widget\" data-e-type=\"widget\" data-widget_type=\"text-editor.default\">\n\t\t\t\t\t\t\t\t\t<p data-start=\"993\" data-end=\"1140\">L\u2019employeur a l\u2019obligation de d\u00e9signer un salari\u00e9 comp\u00e9tent pour s\u2019occuper des activit\u00e9s de protection et de pr\u00e9vention des risques professionnels.<\/p><p data-start=\"1142\" data-end=\"1376\">La mise en place d\u2019une d\u00e9marche de pr\u00e9vention efficace n\u00e9cessite des comp\u00e9tences structur\u00e9es, une compr\u00e9hension des enjeux et une capacit\u00e9 \u00e0 agir en lien avec les situations de travail r\u00e9elles.<\/p><p data-start=\"1486\" data-end=\"1659\">Cette formation permet au SDC de structurer la d\u00e9marche de pr\u00e9vention et de poser les bases d\u2019une pr\u00e9vention durable et efficace.<\/p><p data-start=\"1486\" data-end=\"1659\">Cette formation peut \u00eatre mobilis\u00e9e en amont ou en compl\u00e9ment d\u2019un accompagnement au Document Unique.<\/p>\t\t\t\t\t\t\t\t<\/div>\n\t\t\t\t<\/div>\n\t\t\t\t<\/div>\n\t\t<div class=\"elementor-element elementor-element-0ee43e9 e-con-full e-flex wpr-particle-no wpr-jarallax-no wpr-parallax-no wpr-sticky-section-no wpr-equal-height-no e-con e-child\" data-id=\"0ee43e9\" data-element_type=\"container\" data-e-type=\"container\">\n\t\t<div class=\"elementor-element elementor-element-a211fd5 e-con-full e-flex wpr-particle-no wpr-jarallax-no wpr-parallax-no wpr-sticky-section-no wpr-equal-height-no e-con e-child\" data-id=\"a211fd5\" data-element_type=\"container\" data-e-type=\"container\">\n\t\t\t\t<div class=\"elementor-element elementor-element-3f9ab81 elementor-widget elementor-widget-heading\" data-id=\"3f9ab81\" data-element_type=\"widget\" data-e-type=\"widget\" data-widget_type=\"heading.default\">\n\t\t\t\t\t<h3 class=\"elementor-heading-title elementor-size-default\">Une formation ancr\u00e9e dans votre r\u00e9alit\u00e9 :<\/h3>\t\t\t\t<\/div>\n\t\t\t\t<div class=\"elementor-element elementor-element-9b08460 elementor-widget elementor-widget-text-editor\" data-id=\"9b08460\" data-element_type=\"widget\" data-e-type=\"widget\" data-widget_type=\"text-editor.default\">\n\t\t\t\t\t\t\t\t\t<ul><li data-section-id=\"5irtr5\" data-start=\"1719\" data-end=\"1782\">Analyse de situations de travail issues de votre entreprise<\/li><li data-section-id=\"ni6u9g\" data-start=\"1783\" data-end=\"1834\">Apports m\u00e9thodologiques directement applicables<\/li><li data-section-id=\"1nhwboi\" data-start=\"1835\" data-end=\"1883\">Alternance d\u2019apports et de mises en pratique<\/li><li data-section-id=\"1w5xqeo\" data-start=\"1884\" data-end=\"1955\">Travaux intersessions pour avancer sur votre d\u00e9marche de pr\u00e9vention<\/li><li data-section-id=\"1c0xxy0\" data-start=\"1956\" data-end=\"2022\">Production d\u2019outils concrets (document unique, plan d\u2019action\u2026)<\/li><\/ul>\t\t\t\t\t\t\t\t<\/div>\n\t\t\t\t<\/div>\n\t\t\t\t<\/div>\n\t\t<div class=\"elementor-element elementor-element-4a71e02 e-con-full e-flex wpr-particle-no wpr-jarallax-no wpr-parallax-no wpr-sticky-section-no wpr-equal-height-no e-con e-child\" data-id=\"4a71e02\" data-element_type=\"container\" data-e-type=\"container\">\n\t\t<div class=\"elementor-element elementor-element-104e2ec e-con-full e-flex wpr-particle-no wpr-jarallax-no wpr-parallax-no wpr-sticky-section-no wpr-equal-height-no e-con e-child\" data-id=\"104e2ec\" data-element_type=\"container\" data-e-type=\"container\">\n\t\t\t\t<div class=\"elementor-element elementor-element-1f47e0c elementor-position-inline-start elementor-view-default elementor-mobile-position-block-start elementor-widget elementor-widget-icon-box\" data-id=\"1f47e0c\" data-element_type=\"widget\" data-e-type=\"widget\" data-widget_type=\"icon-box.default\">\n\t\t\t\t\t\t\t<div class=\"elementor-icon-box-wrapper\">\n\n\t\t\t\t\t\t<div class=\"elementor-icon-box-icon\">\n\t\t\t\t<span  class=\"elementor-icon\">\n\t\t\t\t<svg aria-hidden=\"true\" class=\"e-font-icon-svg e-fas-info-circle\" viewBox=\"0 0 512 512\" xmlns=\"http:\/\/www.w3.org\/2000\/svg\"><path d=\"M256 8C119.043 8 8 119.083 8 256c0 136.997 111.043 248 248 248s248-111.003 248-248C504 119.083 392.957 8 256 8zm0 110c23.196 0 42 18.804 42 42s-18.804 42-42 42-42-18.804-42-42 18.804-42 42-42zm56 254c0 6.627-5.373 12-12 12h-88c-6.627 0-12-5.373-12-12v-24c0-6.627 5.373-12 12-12h12v-64h-12c-6.627 0-12-5.373-12-12v-24c0-6.627 5.373-12 12-12h64c6.627 0 12 5.373 12 12v100h12c6.627 0 12 5.373 12 12v24z\"><\/path><\/svg>\t\t\t\t<\/span>\n\t\t\t<\/div>\n\t\t\t\n\t\t\t\t\t\t<div class=\"elementor-icon-box-content\">\n\n\t\t\t\t\t\t\t\t\t<h3 class=\"elementor-icon-box-title\">\n\t\t\t\t\t\t<span  >\n\t\t\t\t\t\t\tModalit\u00e9s\t\t\t\t\t\t<\/span>\n\t\t\t\t\t<\/h3>\n\t\t\t\t\n\t\t\t\t\n\t\t\t<\/div>\n\t\t\t\n\t\t<\/div>\n\t\t\t\t\t\t<\/div>\n\t\t\t\t<div class=\"elementor-element elementor-element-e7f72fd elementor-widget elementor-widget-text-editor\" data-id=\"e7f72fd\" data-element_type=\"widget\" data-e-type=\"widget\" data-widget_type=\"text-editor.default\">\n\t\t\t\t\t\t\t\t\t<p data-start=\"2050\" data-end=\"2169\"><strong data-start=\"2050\" data-end=\"2062\">Public :<\/strong>\u00a0Toute personne d\u00e9sign\u00e9e par l\u2019employeur pour assurer la mission de pr\u00e9vention des risques professionnels<\/p><p data-start=\"2171\" data-end=\"2194\"><strong data-start=\"2171\" data-end=\"2186\">Pr\u00e9requis :<\/strong>\u00a0Aucun<\/p><p data-start=\"2196\" data-end=\"2248\"><strong data-start=\"2196\" data-end=\"2207\">Dur\u00e9e :<\/strong> 3 jours (21 heures) avec intersession<\/p><p data-start=\"2250\" data-end=\"2303\"><strong data-start=\"2250\" data-end=\"2262\">Format :<\/strong>\u00a0Formation en inter ou intra-entreprise<\/p><p data-start=\"2305\" data-end=\"2413\"><strong data-start=\"2305\" data-end=\"2321\">\u00c9valuation :<\/strong> \u00c9valuation continue et travaux intersessions, attestation de formation en fin de parcours<\/p>\t\t\t\t\t\t\t\t<\/div>\n\t\t\t\t<\/div>\n\t\t\t\t<\/div>\n\t\t\t\t\t<\/div>\n\t\t\t\t<\/div>\n\t\t<div class=\"elementor-element elementor-element-1b2f35a e-flex e-con-boxed wpr-particle-no wpr-jarallax-no wpr-parallax-no wpr-sticky-section-no wpr-equal-height-no e-con e-parent\" data-id=\"1b2f35a\" data-element_type=\"container\" data-e-type=\"container\">\n\t\t\t\t\t<div class=\"e-con-inner\">\n\t\t\t\t<div class=\"elementor-element elementor-element-7f02891 elementor-position-inline-start elementor-view-default elementor-mobile-position-block-start elementor-widget elementor-widget-icon-box\" data-id=\"7f02891\" data-element_type=\"widget\" data-e-type=\"widget\" data-widget_type=\"icon-box.default\">\n\t\t\t\t\t\t\t<div class=\"elementor-icon-box-wrapper\">\n\n\t\t\t\t\t\t<div class=\"elementor-icon-box-icon\">\n\t\t\t\t<span  class=\"elementor-icon\">\n\t\t\t\t<svg aria-hidden=\"true\" class=\"e-font-icon-svg e-fas-info-circle\" viewBox=\"0 0 512 512\" xmlns=\"http:\/\/www.w3.org\/2000\/svg\"><path d=\"M256 8C119.043 8 8 119.083 8 256c0 136.997 111.043 248 248 248s248-111.003 248-248C504 119.083 392.957 8 256 8zm0 110c23.196 0 42 18.804 42 42s-18.804 42-42 42-42-18.804-42-42 18.804-42 42-42zm56 254c0 6.627-5.373 12-12 12h-88c-6.627 0-12-5.373-12-12v-24c0-6.627 5.373-12 12-12h12v-64h-12c-6.627 0-12-5.373-12-12v-24c0-6.627 5.373-12 12-12h64c6.627 0 12 5.373 12 12v100h12c6.627 0 12 5.373 12 12v24z\"><\/path><\/svg>\t\t\t\t<\/span>\n\t\t\t<\/div>\n\t\t\t\n\t\t\t\t\t\t<div class=\"elementor-icon-box-content\">\n\n\t\t\t\t\n\t\t\t\t\t\t\t\t\t<p class=\"elementor-icon-box-description\">\n\t\t\t\t\t\tCette formation peut \u00eatre compl\u00e9t\u00e9e par un accompagnement en entreprise pour la mise en \u0153uvre des comp\u00e9tences acquises : \u00c9valuation des risques, plan d'actions, analyse des accidents du travail.\t\t\t\t\t<\/p>\n\t\t\t\t\n\t\t\t<\/div>\n\t\t\t\n\t\t<\/div>\n\t\t\t\t\t\t<\/div>\n\t\t\t\t\t<\/div>\n\t\t\t\t<\/div>\n\t\t\t\t<\/div>\n\t\t","protected":false},"excerpt":{"rendered":"<p>\u00a0Formation : Assurer sa mission de salari\u00e9 d\u00e9sign\u00e9 comp\u00e9tent (SDC)Acqu\u00e9rir les comp\u00e9tences essentielles en sant\u00e9 &amp; s\u00e9curit\u00e9 au travail. T\u00e9l\u00e9charger le programme Demander un devis \u00c0 l\u2019issue de la formation, vous serez en capacit\u00e9 de : Situer votre r\u00f4le et vos missions en tant que salari\u00e9 d\u00e9sign\u00e9 comp\u00e9tent en sant\u00e9 et s\u00e9curit\u00e9 au travail R\u00e9aliser un \u00e9tat des lieux de la pr\u00e9vention dans votre entreprise Identifier et analyser les risques professionnels \u00e0 partir des situations de travail r\u00e9elles Proposer des mesures de pr\u00e9vention adapt\u00e9es en lien avec les principes g\u00e9n\u00e9raux de pr\u00e9vention Contribuer \u00e0 l\u2019\u00e9laboration et \u00e0 la mise \u00e0 jour du document unique et du plan d\u2019action associ\u00e9 Participer \u00e0 l\u2019animation de la d\u00e9marche de pr\u00e9vention et \u00e0 la mobilisation des acteurs internes Pourquoi cette formation ? L\u2019employeur a l\u2019obligation de d\u00e9signer un salari\u00e9 comp\u00e9tent pour s\u2019occuper des activit\u00e9s de protection et de pr\u00e9vention des risques professionnels. La mise en place d\u2019une d\u00e9marche de pr\u00e9vention efficace n\u00e9cessite des comp\u00e9tences structur\u00e9es, une compr\u00e9hension des enjeux et une capacit\u00e9 \u00e0 agir en lien avec les situations de travail r\u00e9elles. Cette formation permet au SDC de structurer la d\u00e9marche de pr\u00e9vention et de poser les bases d\u2019une pr\u00e9vention durable et efficace. Cette formation peut \u00eatre mobilis\u00e9e en amont ou en compl\u00e9ment d\u2019un accompagnement au Document Unique. Une formation ancr\u00e9e dans votre r\u00e9alit\u00e9 : Analyse de situations de travail issues de votre entreprise Apports m\u00e9thodologiques directement applicables Alternance d\u2019apports et de mises en pratique Travaux intersessions pour avancer sur votre d\u00e9marche de pr\u00e9vention Production d\u2019outils concrets (document unique, plan d\u2019action\u2026) Modalit\u00e9s Public :\u00a0Toute personne d\u00e9sign\u00e9e par l\u2019employeur pour assurer la mission de pr\u00e9vention des risques professionnels Pr\u00e9requis :\u00a0Aucun Dur\u00e9e : 3 jours (21 heures) avec intersession Format :\u00a0Formation en inter ou intra-entreprise \u00c9valuation : \u00c9valuation continue et travaux intersessions, attestation de formation en fin de parcours Cette formation peut \u00eatre compl\u00e9t\u00e9e par un accompagnement en entreprise pour la mise en \u0153uvre des comp\u00e9tences acquises : \u00c9valuation des risques, plan d&rsquo;actions, analyse des accidents du travail.<\/p>\n","protected":false},"author":1,"featured_media":0,"parent":0,"menu_order":0,"comment_status":"closed","ping_status":"closed","template":"elementor_header_footer","meta":{"site-sidebar-layout":"default","site-content-layout":"","ast-site-content-layout":"default","site-content-style":"default","site-sidebar-style":"default","ast-global-header-display":"","ast-banner-title-visibility":"","ast-main-header-display":"","ast-hfb-above-header-display":"","ast-hfb-below-header-display":"","ast-hfb-mobile-header-display":"","site-post-title":"disabled","ast-breadcrumbs-content":"","ast-featured-img":"","footer-sml-layout":"","ast-disable-related-posts":"","theme-transparent-header-meta":"","adv-header-id-meta":"","stick-header-meta":"","header-above-stick-meta":"","header-main-stick-meta":"","header-below-stick-meta":"","astra-migrate-meta-layouts":"default","ast-page-background-enabled":"default","ast-page-background-meta":{"desktop":{"background-color":"var(--ast-global-color-5)","background-image":"","background-repeat":"repeat","background-position":"center center","background-size":"auto","background-attachment":"scroll","background-type":"","background-media":"","overlay-type":"","overlay-color":"","overlay-opacity":"","overlay-gradient":""},"tablet":{"background-color":"","background-image":"","background-repeat":"repeat","background-position":"center center","background-size":"auto","background-attachment":"scroll","background-type":"","background-media":"","overlay-type":"","overlay-color":"","overlay-opacity":"","overlay-gradient":""},"mobile":{"background-color":"","background-image":"","background-repeat":"repeat","background-position":"center center","background-size":"auto","background-attachment":"scroll","background-type":"","background-media":"","overlay-type":"","overlay-color":"","overlay-opacity":"","overlay-gradient":""}},"ast-content-background-meta":{"desktop":{"background-color":"var(--ast-global-color-4)","background-image":"","background-repeat":"repeat","background-position":"center center","background-size":"auto","background-attachment":"scroll","background-type":"","background-media":"","overlay-type":"","overlay-color":"","overlay-opacity":"","overlay-gradient":""},"tablet":{"background-color":"var(--ast-global-color-4)","background-image":"","background-repeat":"repeat","background-position":"center center","background-size":"auto","background-attachment":"scroll","background-type":"","background-media":"","overlay-type":"","overlay-color":"","overlay-opacity":"","overlay-gradient":""},"mobile":{"background-color":"var(--ast-global-color-4)","background-image":"","background-repeat":"repeat","background-position":"center center","background-size":"auto","background-attachment":"scroll","background-type":"","background-media":"","overlay-type":"","overlay-color":"","overlay-opacity":"","overlay-gradient":""}},"footnotes":""},"class_list":["post-191","page","type-page","status-publish","hentry"],"_links":{"self":[{"href":"https:\/\/gps-site.fr\/index.php\/wp-json\/wp\/v2\/pages\/191","targetHints":{"allow":["GET"]}}],"collection":[{"href":"https:\/\/gps-site.fr\/index.php\/wp-json\/wp\/v2\/pages"}],"about":[{"href":"https:\/\/gps-site.fr\/index.php\/wp-json\/wp\/v2\/types\/page"}],"author":[{"embeddable":true,"href":"https:\/\/gps-site.fr\/index.php\/wp-json\/wp\/v2\/users\/1"}],"replies":[{"embeddable":true,"href":"https:\/\/gps-site.fr\/index.php\/wp-json\/wp\/v2\/comments?post=191"}],"version-history":[{"count":181,"href":"https:\/\/gps-site.fr\/index.php\/wp-json\/wp\/v2\/pages\/191\/revisions"}],"predecessor-version":[{"id":3027,"href":"https:\/\/gps-site.fr\/index.php\/wp-json\/wp\/v2\/pages\/191\/revisions\/3027"}],"wp:attachment":[{"href":"https:\/\/gps-site.fr\/index.php\/wp-json\/wp\/v2\/media?parent=191"}],"curies":[{"name":"wp","href":"https:\/\/api.w.org\/{rel}","templated":true}]}}